{"id":8200,"date":"2024-01-28T16:17:55","date_gmt":"2024-01-28T15:17:55","guid":{"rendered":"https:\/\/www.haus-delecke.de\/?page_id=8200"},"modified":"2024-01-28T16:17:57","modified_gmt":"2024-01-28T15:17:57","slug":"galerij","status":"publish","type":"page","link":"https:\/\/www.haus-delecke.de\/nl\/galerij\/","title":{"rendered":"Galerij"},"content":{"rendered":"\t\t<div data-elementor-type=\"wp-page\" data-elementor-id=\"8200\" class=\"elementor elementor-8200 elementor-8198\" data-elementor-post-type=\"page\">\n\t\t\t\t\t\t<section class=\"elementor-section elementor-top-section elementor-element elementor-element-c5561e0 elementor-section-boxed elementor-section-height-default elementor-section-height-default\" data-id=\"c5561e0\" data-element_type=\"section\" data-e-type=\"section\" data-settings=\"{&quot;background_background&quot;:&quot;classic&quot;}\">\n\t\t\t\t\t\t<div class=\"elementor-container elementor-column-gap-default\">\n\t\t\t\t\t<div class=\"elementor-column elementor-col-100 elementor-top-column elementor-element elementor-element-3dfa225\" data-id=\"3dfa225\" data-element_type=\"column\" data-e-type=\"column\">\n\t\t\t<div class=\"elementor-widget-wrap elementor-element-populated\">\n\t\t\t\t\t\t<div class=\"elementor-element elementor-element-09240ba elementor-widget elementor-widget-heading\" data-id=\"09240ba\" data-element_type=\"widget\" data-e-type=\"widget\" data-widget_type=\"heading.default\">\n\t\t\t\t<div class=\"elementor-widget-container\">\n\t\t\t\t\t<h2 class=\"elementor-heading-title elementor-size-default\">Een overzicht van de verschillende kamercategorie\u00ebn van Haus Delecke<\/h2>\t\t\t\t<\/div>\n\t\t\t\t<\/div>\n\t\t\t\t<section class=\"elementor-section elementor-inner-section elementor-element elementor-element-6e9d33d elementor-section-boxed elementor-section-height-default elementor-section-height-default\" data-id=\"6e9d33d\" data-element_type=\"section\" data-e-type=\"section\">\n\t\t\t\t\t\t<div class=\"elementor-container elementor-column-gap-default\">\n\t\t\t\t\t<div class=\"elementor-column elementor-col-25 elementor-inner-column elementor-element elementor-element-7a6e32c\" data-id=\"7a6e32c\" data-element_type=\"column\" data-e-type=\"column\">\n\t\t\t<div class=\"elementor-widget-wrap elementor-element-populated\">\n\t\t\t\t\t\t<div class=\"elementor-element elementor-element-03376e7 elementor-align-center elementor-widget elementor-widget-button\" data-id=\"03376e7\" data-element_type=\"widget\" data-e-type=\"widget\" data-widget_type=\"button.default\">\n\t\t\t\t<div class=\"elementor-widget-container\">\n\t\t\t\t\t\t\t\t\t<div class=\"elementor-button-wrapper\">\n\t\t\t\t\t<a class=\"elementor-button elementor-button-link elementor-size-sm elementor-animation-grow\" href=\"#zimmer\">\n\t\t\t\t\t\t<span class=\"elementor-button-content-wrapper\">\n\t\t\t\t\t\t\t\t\t<span class=\"elementor-button-text\">Kamer<\/span>\n\t\t\t\t\t<\/span>\n\t\t\t\t\t<\/a>\n\t\t\t\t<\/div>\n\t\t\t\t\t\t\t\t<\/div>\n\t\t\t\t<\/div>\n\t\t\t\t\t<\/div>\n\t\t<\/div>\n\t\t\t\t<div class=\"elementor-column elementor-col-25 elementor-inner-column elementor-element elementor-element-123d6cc\" data-id=\"123d6cc\" data-element_type=\"column\" data-e-type=\"column\">\n\t\t\t<div class=\"elementor-widget-wrap elementor-element-populated\">\n\t\t\t\t\t\t<div class=\"elementor-element elementor-element-5b123d5 elementor-align-center elementor-widget elementor-widget-button\" data-id=\"5b123d5\" data-element_type=\"widget\" data-e-type=\"widget\" data-widget_type=\"button.default\">\n\t\t\t\t<div class=\"elementor-widget-container\">\n\t\t\t\t\t\t\t\t\t<div class=\"elementor-button-wrapper\">\n\t\t\t\t\t<a class=\"elementor-button elementor-button-link elementor-size-sm elementor-animation-grow\" href=\"#tagungen\">\n\t\t\t\t\t\t<span class=\"elementor-button-content-wrapper\">\n\t\t\t\t\t\t\t\t\t<span class=\"elementor-button-text\">Conferenties<\/span>\n\t\t\t\t\t<\/span>\n\t\t\t\t\t<\/a>\n\t\t\t\t<\/div>\n\t\t\t\t\t\t\t\t<\/div>\n\t\t\t\t<\/div>\n\t\t\t\t\t<\/div>\n\t\t<\/div>\n\t\t\t\t<div class=\"elementor-column elementor-col-25 elementor-inner-column elementor-element elementor-element-1d0e8bf\" data-id=\"1d0e8bf\" data-element_type=\"column\" data-e-type=\"column\">\n\t\t\t<div class=\"elementor-widget-wrap elementor-element-populated\">\n\t\t\t\t\t\t<div class=\"elementor-element elementor-element-936f230 elementor-align-center elementor-widget elementor-widget-button\" data-id=\"936f230\" data-element_type=\"widget\" data-e-type=\"widget\" data-widget_type=\"button.default\">\n\t\t\t\t<div class=\"elementor-widget-container\">\n\t\t\t\t\t\t\t\t\t<div class=\"elementor-button-wrapper\">\n\t\t\t\t\t<a class=\"elementor-button elementor-button-link elementor-size-sm elementor-animation-grow\" href=\"#remise\">\n\t\t\t\t\t\t<span class=\"elementor-button-content-wrapper\">\n\t\t\t\t\t\t\t\t\t<span class=\"elementor-button-text\">De Remise<\/span>\n\t\t\t\t\t<\/span>\n\t\t\t\t\t<\/a>\n\t\t\t\t<\/div>\n\t\t\t\t\t\t\t\t<\/div>\n\t\t\t\t<\/div>\n\t\t\t\t\t<\/div>\n\t\t<\/div>\n\t\t\t\t<div class=\"elementor-column elementor-col-25 elementor-inner-column elementor-element elementor-element-0a2cada\" data-id=\"0a2cada\" data-element_type=\"column\" data-e-type=\"column\">\n\t\t\t<div class=\"elementor-widget-wrap elementor-element-populated\">\n\t\t\t\t\t\t<div class=\"elementor-element elementor-element-b2b15ac elementor-align-center elementor-widget elementor-widget-button\" data-id=\"b2b15ac\" data-element_type=\"widget\" data-e-type=\"widget\" data-widget_type=\"button.default\">\n\t\t\t\t<div class=\"elementor-widget-container\">\n\t\t\t\t\t\t\t\t\t<div class=\"elementor-button-wrapper\">\n\t\t\t\t\t<a class=\"elementor-button elementor-button-link elementor-size-sm elementor-animation-grow\" href=\"#haus\">\n\t\t\t\t\t\t<span class=\"elementor-button-content-wrapper\">\n\t\t\t\t\t\t\t\t\t<span class=\"elementor-button-text\">Huis &amp; Vooruitzichten<\/span>\n\t\t\t\t\t<\/span>\n\t\t\t\t\t<\/a>\n\t\t\t\t<\/div>\n\t\t\t\t\t\t\t\t<\/div>\n\t\t\t\t<\/div>\n\t\t\t\t\t<\/div>\n\t\t<\/div>\n\t\t\t\t\t<\/div>\n\t\t<\/section>\n\t\t\t\t\t<\/div>\n\t\t<\/div>\n\t\t\t\t\t<\/div>\n\t\t<\/section>\n\t\t\t\t<section class=\"elementor-section elementor-top-section elementor-element elementor-element-ae58108 elementor-section-boxed elementor-section-height-default elementor-section-height-default\" data-id=\"ae58108\" data-element_type=\"section\" data-e-type=\"section\">\n\t\t\t\t\t\t<div class=\"elementor-container elementor-column-gap-default\">\n\t\t\t\t\t<div class=\"elementor-column elementor-col-100 elementor-top-column elementor-element elementor-element-ea52832\" data-id=\"ea52832\" data-element_type=\"column\" data-e-type=\"column\">\n\t\t\t<div class=\"elementor-widget-wrap elementor-element-populated\">\n\t\t\t\t\t\t<div class=\"elementor-element elementor-element-4fef676 elementor-widget elementor-widget-heading\" data-id=\"4fef676\" data-element_type=\"widget\" data-e-type=\"widget\" id=\"Zimmer\" data-widget_type=\"heading.default\">\n\t\t\t\t<div class=\"elementor-widget-container\">\n\t\t\t\t\t<h2 class=\"elementor-heading-title elementor-size-default\">Onze kamers<\/h2>\t\t\t\t<\/div>\n\t\t\t\t<\/div>\n\t\t\t\t<div class=\"elementor-element elementor-element-126ea44 elementor-widget elementor-widget-gallery\" data-id=\"126ea44\" data-element_type=\"widget\" data-e-type=\"widget\" data-settings=\"{&quot;lazyload&quot;:&quot;yes&quot;,&quot;gallery_layout&quot;:&quot;grid&quot;,&quot;columns&quot;:4,&quot;columns_tablet&quot;:2,&quot;columns_mobile&quot;:1,&quot;gap&quot;:{&quot;unit&quot;:&quot;px&quot;,&quot;size&quot;:10,&quot;sizes&quot;:[]},&quot;gap_tablet&quot;:{&quot;unit&quot;:&quot;px&quot;,&quot;size&quot;:10,&quot;sizes&quot;:[]},&quot;gap_mobile&quot;:{&quot;unit&quot;:&quot;px&quot;,&quot;size&quot;:10,&quot;sizes&quot;:[]},&quot;link_to&quot;:&quot;file&quot;,&quot;aspect_ratio&quot;:&quot;3:2&quot;,&quot;overlay_background&quot;:&quot;yes&quot;,&quot;content_hover_animation&quot;:&quot;fade-in&quot;}\" data-widget_type=\"gallery.default\">\n\t\t\t\t<div class=\"elementor-widget-container\">\n\t\t\t\t\t\t\t<div class=\"elementor-gallery__container\">\n\t\t\t\t\t\t\t<a class=\"e-gallery-item elementor-gallery-item elementor-animated-content\" href=\"https:\/\/www.haus-delecke.de\/wp-content\/uploads\/2024\/01\/412-min.jpg\" data-elementor-open-lightbox=\"yes\" data-elementor-lightbox-slideshow=\"126ea44\" data-elementor-lightbox-title=\"412-min\" data-e-action-hash=\"#elementor-action%3Aaction%3Dlightbox%26settings%3DeyJpZCI6ODIwOSwidXJsIjoiaHR0cHM6XC9cL3d3dy5oYXVzLWRlbGVja2UuZGVcL3dwLWNvbnRlbnRcL3VwbG9hZHNcLzIwMjRcLzAxXC80MTItbWluLmpwZyIsInNsaWRlc2hvdyI6IjEyNmVhNDQifQ%3D%3D\">\n\t\t\t\t\t<div class=\"e-gallery-image elementor-gallery-item__image\" data-thumbnail=\"https:\/\/www.haus-delecke.de\/wp-content\/uploads\/2024\/01\/412-min-200x300.jpg\" data-width=\"200\" data-height=\"300\" aria-label=\"Zimmer\" role=\"img\" ><\/div>\n\t\t\t\t\t\t\t\t\t\t\t<div class=\"elementor-gallery-item__overlay\"><\/div>\n\t\t\t\t\t\t\t\t\t\t\t\t\t\t<\/a>\n\t\t\t\t\t\t\t<a class=\"e-gallery-item elementor-gallery-item elementor-animated-content\" href=\"https:\/\/www.haus-delecke.de\/wp-content\/uploads\/2024\/01\/410-min.jpg\" data-elementor-open-lightbox=\"yes\" data-elementor-lightbox-slideshow=\"126ea44\" data-elementor-lightbox-title=\"410-min\" data-e-action-hash=\"#elementor-action%3Aaction%3Dlightbox%26settings%3DeyJpZCI6ODIwNiwidXJsIjoiaHR0cHM6XC9cL3d3dy5oYXVzLWRlbGVja2UuZGVcL3dwLWNvbnRlbnRcL3VwbG9hZHNcLzIwMjRcLzAxXC80MTAtbWluLmpwZyIsInNsaWRlc2hvdyI6IjEyNmVhNDQifQ%3D%3D\">\n\t\t\t\t\t<div class=\"e-gallery-image elementor-gallery-item__image\" data-thumbnail=\"https:\/\/www.haus-delecke.de\/wp-content\/uploads\/2024\/01\/410-min-200x300.jpg\" data-width=\"200\" data-height=\"300\" aria-label=\"Alt-tekst: Lichte hotelkamer met een tweepersoonsbed, een comfortabele bank, een tafel en een televisie. Grote ramen zorgen voor daglicht, terwijl gordijnen privacy bieden. Een bureau met stoel en een koffiezetapparaat maken de inrichting compleet. De houten vloer geeft de kamer een warme sfeer.   \" role=\"img\" ><\/div>\n\t\t\t\t\t\t\t\t\t\t\t<div class=\"elementor-gallery-item__overlay\"><\/div>\n\t\t\t\t\t\t\t\t\t\t\t\t\t\t<\/a>\n\t\t\t\t\t\t\t<a class=\"e-gallery-item elementor-gallery-item elementor-animated-content\" href=\"https:\/\/www.haus-delecke.de\/wp-content\/uploads\/2024\/01\/449-min.jpg\" data-elementor-open-lightbox=\"yes\" data-elementor-lightbox-slideshow=\"126ea44\" data-elementor-lightbox-title=\"449-min\" data-e-action-hash=\"#elementor-action%3Aaction%3Dlightbox%26settings%3DeyJpZCI6ODIxMiwidXJsIjoiaHR0cHM6XC9cL3d3dy5oYXVzLWRlbGVja2UuZGVcL3dwLWNvbnRlbnRcL3VwbG9hZHNcLzIwMjRcLzAxXC80NDktbWluLmpwZyIsInNsaWRlc2hvdyI6IjEyNmVhNDQifQ%3D%3D\">\n\t\t\t\t\t<div class=\"e-gallery-image elementor-gallery-item__image\" data-thumbnail=\"https:\/\/www.haus-delecke.de\/wp-content\/uploads\/2024\/01\/449-min-300x200.jpg\" data-width=\"300\" data-height=\"200\" aria-label=\"Zimmer\" role=\"img\" ><\/div>\n\t\t\t\t\t\t\t\t\t\t\t<div class=\"elementor-gallery-item__overlay\"><\/div>\n\t\t\t\t\t\t\t\t\t\t\t\t\t\t<\/a>\n\t\t\t\t\t\t\t<a class=\"e-gallery-item elementor-gallery-item elementor-animated-content\" href=\"https:\/\/www.haus-delecke.de\/wp-content\/uploads\/2024\/01\/451-min.jpg\" data-elementor-open-lightbox=\"yes\" data-elementor-lightbox-slideshow=\"126ea44\" data-elementor-lightbox-title=\"451-min\" data-e-action-hash=\"#elementor-action%3Aaction%3Dlightbox%26settings%3DeyJpZCI6ODIxNSwidXJsIjoiaHR0cHM6XC9cL3d3dy5oYXVzLWRlbGVja2UuZGVcL3dwLWNvbnRlbnRcL3VwbG9hZHNcLzIwMjRcLzAxXC80NTEtbWluLmpwZyIsInNsaWRlc2hvdyI6IjEyNmVhNDQifQ%3D%3D\">\n\t\t\t\t\t<div class=\"e-gallery-image elementor-gallery-item__image\" data-thumbnail=\"https:\/\/www.haus-delecke.de\/wp-content\/uploads\/2024\/01\/451-min-300x200.jpg\" data-width=\"300\" data-height=\"200\" aria-label=\"Elegante kamer met een comfortabel bed, een vleugje luxe en een subtiele inrichting \u2013 perfect voor een bijzonder verblijf. Een hondensofa en drinkbak staan klaar voor uw viervoeters. \" role=\"img\" ><\/div>\n\t\t\t\t\t\t\t\t\t\t\t<div class=\"elementor-gallery-item__overlay\"><\/div>\n\t\t\t\t\t\t\t\t\t\t\t\t\t\t<\/a>\n\t\t\t\t\t\t\t<a class=\"e-gallery-item elementor-gallery-item elementor-animated-content\" href=\"https:\/\/www.haus-delecke.de\/wp-content\/uploads\/2024\/01\/526-min.jpg\" data-elementor-open-lightbox=\"yes\" data-elementor-lightbox-slideshow=\"126ea44\" data-elementor-lightbox-title=\"526-min\" data-e-action-hash=\"#elementor-action%3Aaction%3Dlightbox%26settings%3DeyJpZCI6ODIxOCwidXJsIjoiaHR0cHM6XC9cL3d3dy5oYXVzLWRlbGVja2UuZGVcL3dwLWNvbnRlbnRcL3VwbG9hZHNcLzIwMjRcLzAxXC81MjYtbWluLmpwZyIsInNsaWRlc2hvdyI6IjEyNmVhNDQifQ%3D%3D\">\n\t\t\t\t\t<div class=\"e-gallery-image elementor-gallery-item__image\" data-thumbnail=\"https:\/\/www.haus-delecke.de\/wp-content\/uploads\/2024\/01\/526-min-200x300.jpg\" data-width=\"200\" data-height=\"300\" aria-label=\"Zimmer\" role=\"img\" ><\/div>\n\t\t\t\t\t\t\t\t\t\t\t<div class=\"elementor-gallery-item__overlay\"><\/div>\n\t\t\t\t\t\t\t\t\t\t\t\t\t\t<\/a>\n\t\t\t\t\t\t\t<a class=\"e-gallery-item elementor-gallery-item elementor-animated-content\" href=\"https:\/\/www.haus-delecke.de\/wp-content\/uploads\/2024\/01\/540-min.jpg\" data-elementor-open-lightbox=\"yes\" data-elementor-lightbox-slideshow=\"126ea44\" data-elementor-lightbox-title=\"540-min\" data-e-action-hash=\"#elementor-action%3Aaction%3Dlightbox%26settings%3DeyJpZCI6ODIyMSwidXJsIjoiaHR0cHM6XC9cL3d3dy5oYXVzLWRlbGVja2UuZGVcL3dwLWNvbnRlbnRcL3VwbG9hZHNcLzIwMjRcLzAxXC81NDAtbWluLmpwZyIsInNsaWRlc2hvdyI6IjEyNmVhNDQifQ%3D%3D\">\n\t\t\t\t\t<div class=\"e-gallery-image elementor-gallery-item__image\" data-thumbnail=\"https:\/\/www.haus-delecke.de\/wp-content\/uploads\/2024\/01\/540-min-300x200.jpg\" data-width=\"300\" data-height=\"200\" aria-label=\"Zimmer\" role=\"img\" ><\/div>\n\t\t\t\t\t\t\t\t\t\t\t<div class=\"elementor-gallery-item__overlay\"><\/div>\n\t\t\t\t\t\t\t\t\t\t\t\t\t\t<\/a>\n\t\t\t\t\t<\/div>\n\t\t\t\t\t<\/div>\n\t\t\t\t<\/div>\n\t\t\t\t<div class=\"elementor-element elementor-element-05a5d32 elementor-widget elementor-widget-heading\" data-id=\"05a5d32\" data-element_type=\"widget\" data-e-type=\"widget\" id=\"tagungen\" data-widget_type=\"heading.default\">\n\t\t\t\t<div class=\"elementor-widget-container\">\n\t\t\t\t\t<h2 class=\"elementor-heading-title elementor-size-default\">Conferenties<\/h2>\t\t\t\t<\/div>\n\t\t\t\t<\/div>\n\t\t\t\t<div class=\"elementor-element elementor-element-e95daed elementor-widget elementor-widget-gallery\" data-id=\"e95daed\" data-element_type=\"widget\" data-e-type=\"widget\" data-settings=\"{&quot;lazyload&quot;:&quot;yes&quot;,&quot;gallery_layout&quot;:&quot;grid&quot;,&quot;columns&quot;:4,&quot;columns_tablet&quot;:2,&quot;columns_mobile&quot;:1,&quot;gap&quot;:{&quot;unit&quot;:&quot;px&quot;,&quot;size&quot;:10,&quot;sizes&quot;:[]},&quot;gap_tablet&quot;:{&quot;unit&quot;:&quot;px&quot;,&quot;size&quot;:10,&quot;sizes&quot;:[]},&quot;gap_mobile&quot;:{&quot;unit&quot;:&quot;px&quot;,&quot;size&quot;:10,&quot;sizes&quot;:[]},&quot;link_to&quot;:&quot;file&quot;,&quot;aspect_ratio&quot;:&quot;3:2&quot;,&quot;overlay_background&quot;:&quot;yes&quot;,&quot;content_hover_animation&quot;:&quot;fade-in&quot;}\" data-widget_type=\"gallery.default\">\n\t\t\t\t<div class=\"elementor-widget-container\">\n\t\t\t\t\t\t\t<div class=\"elementor-gallery__container\">\n\t\t\t\t\t\t\t<a class=\"e-gallery-item elementor-gallery-item elementor-animated-content\" href=\"https:\/\/www.haus-delecke.de\/wp-content\/uploads\/2023\/11\/011-min.jpg\" data-elementor-open-lightbox=\"yes\" data-elementor-lightbox-slideshow=\"e95daed\" data-elementor-lightbox-title=\"011-min\" data-e-action-hash=\"#elementor-action%3Aaction%3Dlightbox%26settings%3DeyJpZCI6Nzk1OCwidXJsIjoiaHR0cHM6XC9cL3d3dy5oYXVzLWRlbGVja2UuZGVcL3dwLWNvbnRlbnRcL3VwbG9hZHNcLzIwMjNcLzExXC8wMTEtbWluLmpwZyIsInNsaWRlc2hvdyI6ImU5NWRhZWQifQ%3D%3D\">\n\t\t\t\t\t<div class=\"e-gallery-image elementor-gallery-item__image\" data-thumbnail=\"https:\/\/www.haus-delecke.de\/wp-content\/uploads\/2023\/11\/011-min-300x200.jpg\" data-width=\"300\" data-height=\"200\" aria-label=\"Seeblick Aussicht\" role=\"img\" ><\/div>\n\t\t\t\t\t\t\t\t\t\t\t<div class=\"elementor-gallery-item__overlay\"><\/div>\n\t\t\t\t\t\t\t\t\t\t\t\t\t\t<\/a>\n\t\t\t\t\t\t\t<a class=\"e-gallery-item elementor-gallery-item elementor-animated-content\" href=\"https:\/\/www.haus-delecke.de\/wp-content\/uploads\/2023\/11\/041-min.jpg\" data-elementor-open-lightbox=\"yes\" data-elementor-lightbox-slideshow=\"e95daed\" data-elementor-lightbox-title=\"041-min\" data-e-action-hash=\"#elementor-action%3Aaction%3Dlightbox%26settings%3DeyJpZCI6Nzk1NSwidXJsIjoiaHR0cHM6XC9cL3d3dy5oYXVzLWRlbGVja2UuZGVcL3dwLWNvbnRlbnRcL3VwbG9hZHNcLzIwMjNcLzExXC8wNDEtbWluLmpwZyIsInNsaWRlc2hvdyI6ImU5NWRhZWQifQ%3D%3D\">\n\t\t\t\t\t<div class=\"e-gallery-image elementor-gallery-item__image\" data-thumbnail=\"https:\/\/www.haus-delecke.de\/wp-content\/uploads\/2023\/11\/041-min-300x200.jpg\" data-width=\"300\" data-height=\"200\" aria-label=\"Kaffeepause Haus Delecke\" role=\"img\" ><\/div>\n\t\t\t\t\t\t\t\t\t\t\t<div class=\"elementor-gallery-item__overlay\"><\/div>\n\t\t\t\t\t\t\t\t\t\t\t\t\t\t<\/a>\n\t\t\t\t\t\t\t<a class=\"e-gallery-item elementor-gallery-item elementor-animated-content\" href=\"https:\/\/www.haus-delecke.de\/wp-content\/uploads\/2023\/11\/040-min.jpg\" data-elementor-open-lightbox=\"yes\" data-elementor-lightbox-slideshow=\"e95daed\" data-elementor-lightbox-title=\"040-min\" data-e-action-hash=\"#elementor-action%3Aaction%3Dlightbox%26settings%3DeyJpZCI6Nzk1MiwidXJsIjoiaHR0cHM6XC9cL3d3dy5oYXVzLWRlbGVja2UuZGVcL3dwLWNvbnRlbnRcL3VwbG9hZHNcLzIwMjNcLzExXC8wNDAtbWluLmpwZyIsInNsaWRlc2hvdyI6ImU5NWRhZWQifQ%3D%3D\">\n\t\t\t\t\t<div class=\"e-gallery-image elementor-gallery-item__image\" data-thumbnail=\"https:\/\/www.haus-delecke.de\/wp-content\/uploads\/2023\/11\/040-min-200x300.jpg\" data-width=\"200\" data-height=\"300\" aria-label=\"Tagungspause HD\" role=\"img\" ><\/div>\n\t\t\t\t\t\t\t\t\t\t\t<div class=\"elementor-gallery-item__overlay\"><\/div>\n\t\t\t\t\t\t\t\t\t\t\t\t\t\t<\/a>\n\t\t\t\t\t\t\t<a class=\"e-gallery-item elementor-gallery-item elementor-animated-content\" href=\"https:\/\/www.haus-delecke.de\/wp-content\/uploads\/2023\/11\/039-min.jpg\" data-elementor-open-lightbox=\"yes\" data-elementor-lightbox-slideshow=\"e95daed\" data-elementor-lightbox-title=\"039-min\" data-e-action-hash=\"#elementor-action%3Aaction%3Dlightbox%26settings%3DeyJpZCI6Nzk0OSwidXJsIjoiaHR0cHM6XC9cL3d3dy5oYXVzLWRlbGVja2UuZGVcL3dwLWNvbnRlbnRcL3VwbG9hZHNcLzIwMjNcLzExXC8wMzktbWluLmpwZyIsInNsaWRlc2hvdyI6ImU5NWRhZWQifQ%3D%3D\">\n\t\t\t\t\t<div class=\"e-gallery-image elementor-gallery-item__image\" data-thumbnail=\"https:\/\/www.haus-delecke.de\/wp-content\/uploads\/2023\/11\/039-min-200x300.jpg\" data-width=\"200\" data-height=\"300\" aria-label=\"S\u00fc\u00dfes aus dem Haus Delecke\" role=\"img\" ><\/div>\n\t\t\t\t\t\t\t\t\t\t\t<div class=\"elementor-gallery-item__overlay\"><\/div>\n\t\t\t\t\t\t\t\t\t\t\t\t\t\t<\/a>\n\t\t\t\t\t\t\t<a class=\"e-gallery-item elementor-gallery-item elementor-animated-content\" href=\"https:\/\/www.haus-delecke.de\/wp-content\/uploads\/2023\/11\/038-min.jpg\" data-elementor-open-lightbox=\"yes\" data-elementor-lightbox-slideshow=\"e95daed\" data-elementor-lightbox-title=\"038-min\" data-e-action-hash=\"#elementor-action%3Aaction%3Dlightbox%26settings%3DeyJpZCI6Nzk0NiwidXJsIjoiaHR0cHM6XC9cL3d3dy5oYXVzLWRlbGVja2UuZGVcL3dwLWNvbnRlbnRcL3VwbG9hZHNcLzIwMjNcLzExXC8wMzgtbWluLmpwZyIsInNsaWRlc2hvdyI6ImU5NWRhZWQifQ%3D%3D\">\n\t\t\t\t\t<div class=\"e-gallery-image elementor-gallery-item__image\" data-thumbnail=\"https:\/\/www.haus-delecke.de\/wp-content\/uploads\/2023\/11\/038-min-300x200.jpg\" data-width=\"300\" data-height=\"200\" aria-label=\"Kaffeepause im Haus Delecke mit s\u00fc\u00dfen Snacks\" role=\"img\" ><\/div>\n\t\t\t\t\t\t\t\t\t\t\t<div class=\"elementor-gallery-item__overlay\"><\/div>\n\t\t\t\t\t\t\t\t\t\t\t\t\t\t<\/a>\n\t\t\t\t\t\t\t<a class=\"e-gallery-item elementor-gallery-item elementor-animated-content\" href=\"https:\/\/www.haus-delecke.de\/wp-content\/uploads\/2023\/11\/037-min.jpg\" data-elementor-open-lightbox=\"yes\" data-elementor-lightbox-slideshow=\"e95daed\" data-elementor-lightbox-title=\"037-min\" data-e-action-hash=\"#elementor-action%3Aaction%3Dlightbox%26settings%3DeyJpZCI6Nzk0MywidXJsIjoiaHR0cHM6XC9cL3d3dy5oYXVzLWRlbGVja2UuZGVcL3dwLWNvbnRlbnRcL3VwbG9hZHNcLzIwMjNcLzExXC8wMzctbWluLmpwZyIsInNsaWRlc2hvdyI6ImU5NWRhZWQifQ%3D%3D\">\n\t\t\t\t\t<div class=\"e-gallery-image elementor-gallery-item__image\" data-thumbnail=\"https:\/\/www.haus-delecke.de\/wp-content\/uploads\/2023\/11\/037-min-300x200.jpg\" data-width=\"300\" data-height=\"200\" aria-label=\"Kaffeepause Haus Delecke\" role=\"img\" ><\/div>\n\t\t\t\t\t\t\t\t\t\t\t<div class=\"elementor-gallery-item__overlay\"><\/div>\n\t\t\t\t\t\t\t\t\t\t\t\t\t\t<\/a>\n\t\t\t\t\t\t\t<a class=\"e-gallery-item elementor-gallery-item elementor-animated-content\" href=\"https:\/\/www.haus-delecke.de\/wp-content\/uploads\/2023\/11\/036-min.jpg\" data-elementor-open-lightbox=\"yes\" data-elementor-lightbox-slideshow=\"e95daed\" data-elementor-lightbox-title=\"036-min\" data-e-action-hash=\"#elementor-action%3Aaction%3Dlightbox%26settings%3DeyJpZCI6Nzk0MCwidXJsIjoiaHR0cHM6XC9cL3d3dy5oYXVzLWRlbGVja2UuZGVcL3dwLWNvbnRlbnRcL3VwbG9hZHNcLzIwMjNcLzExXC8wMzYtbWluLmpwZyIsInNsaWRlc2hvdyI6ImU5NWRhZWQifQ%3D%3D\">\n\t\t\t\t\t<div class=\"e-gallery-image elementor-gallery-item__image\" data-thumbnail=\"https:\/\/www.haus-delecke.de\/wp-content\/uploads\/2023\/11\/036-min-300x200.jpg\" data-width=\"300\" data-height=\"200\" aria-label=\"Dessert Tagungen\" role=\"img\" ><\/div>\n\t\t\t\t\t\t\t\t\t\t\t<div class=\"elementor-gallery-item__overlay\"><\/div>\n\t\t\t\t\t\t\t\t\t\t\t\t\t\t<\/a>\n\t\t\t\t\t\t\t<a class=\"e-gallery-item elementor-gallery-item elementor-animated-content\" href=\"https:\/\/www.haus-delecke.de\/wp-content\/uploads\/2023\/11\/035-min.jpg\" data-elementor-open-lightbox=\"yes\" data-elementor-lightbox-slideshow=\"e95daed\" data-elementor-lightbox-title=\"035-min\" data-e-action-hash=\"#elementor-action%3Aaction%3Dlightbox%26settings%3DeyJpZCI6NzkzNywidXJsIjoiaHR0cHM6XC9cL3d3dy5oYXVzLWRlbGVja2UuZGVcL3dwLWNvbnRlbnRcL3VwbG9hZHNcLzIwMjNcLzExXC8wMzUtbWluLmpwZyIsInNsaWRlc2hvdyI6ImU5NWRhZWQifQ%3D%3D\">\n\t\t\t\t\t<div class=\"e-gallery-image elementor-gallery-item__image\" data-thumbnail=\"https:\/\/www.haus-delecke.de\/wp-content\/uploads\/2023\/11\/035-min-200x300.jpg\" data-width=\"200\" data-height=\"300\" aria-label=\"Tagungen Haus Delecke\" role=\"img\" ><\/div>\n\t\t\t\t\t\t\t\t\t\t\t<div class=\"elementor-gallery-item__overlay\"><\/div>\n\t\t\t\t\t\t\t\t\t\t\t\t\t\t<\/a>\n\t\t\t\t\t\t\t<a class=\"e-gallery-item elementor-gallery-item elementor-animated-content\" href=\"https:\/\/www.haus-delecke.de\/wp-content\/uploads\/2023\/11\/034-min.jpg\" data-elementor-open-lightbox=\"yes\" data-elementor-lightbox-slideshow=\"e95daed\" data-elementor-lightbox-title=\"034-min\" data-e-action-hash=\"#elementor-action%3Aaction%3Dlightbox%26settings%3DeyJpZCI6NzkzNCwidXJsIjoiaHR0cHM6XC9cL3d3dy5oYXVzLWRlbGVja2UuZGVcL3dwLWNvbnRlbnRcL3VwbG9hZHNcLzIwMjNcLzExXC8wMzQtbWluLmpwZyIsInNsaWRlc2hvdyI6ImU5NWRhZWQifQ%3D%3D\">\n\t\t\t\t\t<div class=\"e-gallery-image elementor-gallery-item__image\" data-thumbnail=\"https:\/\/www.haus-delecke.de\/wp-content\/uploads\/2023\/11\/034-min-300x200.jpg\" data-width=\"300\" data-height=\"200\" aria-label=\"Uhr\" role=\"img\" ><\/div>\n\t\t\t\t\t\t\t\t\t\t\t<div class=\"elementor-gallery-item__overlay\"><\/div>\n\t\t\t\t\t\t\t\t\t\t\t\t\t\t<\/a>\n\t\t\t\t\t\t\t<a class=\"e-gallery-item elementor-gallery-item elementor-animated-content\" href=\"https:\/\/www.haus-delecke.de\/wp-content\/uploads\/2023\/11\/033-min.jpg\" data-elementor-open-lightbox=\"yes\" data-elementor-lightbox-slideshow=\"e95daed\" data-elementor-lightbox-title=\"033-min\" data-e-action-hash=\"#elementor-action%3Aaction%3Dlightbox%26settings%3DeyJpZCI6NzkzMSwidXJsIjoiaHR0cHM6XC9cL3d3dy5oYXVzLWRlbGVja2UuZGVcL3dwLWNvbnRlbnRcL3VwbG9hZHNcLzIwMjNcLzExXC8wMzMtbWluLmpwZyIsInNsaWRlc2hvdyI6ImU5NWRhZWQifQ%3D%3D\">\n\t\t\t\t\t<div class=\"e-gallery-image elementor-gallery-item__image\" data-thumbnail=\"https:\/\/www.haus-delecke.de\/wp-content\/uploads\/2023\/11\/033-min-300x200.jpg\" data-width=\"300\" data-height=\"200\" aria-label=\"Seeblick Tagung M\u00f6hnesee\" role=\"img\" ><\/div>\n\t\t\t\t\t\t\t\t\t\t\t<div class=\"elementor-gallery-item__overlay\"><\/div>\n\t\t\t\t\t\t\t\t\t\t\t\t\t\t<\/a>\n\t\t\t\t\t\t\t<a class=\"e-gallery-item elementor-gallery-item elementor-animated-content\" href=\"https:\/\/www.haus-delecke.de\/wp-content\/uploads\/2023\/11\/032-min.jpg\" data-elementor-open-lightbox=\"yes\" data-elementor-lightbox-slideshow=\"e95daed\" data-elementor-lightbox-title=\"032-min\" data-e-action-hash=\"#elementor-action%3Aaction%3Dlightbox%26settings%3DeyJpZCI6NzkyOCwidXJsIjoiaHR0cHM6XC9cL3d3dy5oYXVzLWRlbGVja2UuZGVcL3dwLWNvbnRlbnRcL3VwbG9hZHNcLzIwMjNcLzExXC8wMzItbWluLmpwZyIsInNsaWRlc2hvdyI6ImU5NWRhZWQifQ%3D%3D\">\n\t\t\t\t\t<div class=\"e-gallery-image elementor-gallery-item__image\" data-thumbnail=\"https:\/\/www.haus-delecke.de\/wp-content\/uploads\/2023\/11\/032-min-300x200.jpg\" data-width=\"300\" data-height=\"200\" aria-label=\"Seeblick gesamt\" role=\"img\" ><\/div>\n\t\t\t\t\t\t\t\t\t\t\t<div class=\"elementor-gallery-item__overlay\"><\/div>\n\t\t\t\t\t\t\t\t\t\t\t\t\t\t<\/a>\n\t\t\t\t\t\t\t<a class=\"e-gallery-item elementor-gallery-item elementor-animated-content\" href=\"https:\/\/www.haus-delecke.de\/wp-content\/uploads\/2023\/11\/031-min.jpg\" data-elementor-open-lightbox=\"yes\" data-elementor-lightbox-slideshow=\"e95daed\" data-elementor-lightbox-title=\"031-min\" data-e-action-hash=\"#elementor-action%3Aaction%3Dlightbox%26settings%3DeyJpZCI6NzkyNSwidXJsIjoiaHR0cHM6XC9cL3d3dy5oYXVzLWRlbGVja2UuZGVcL3dwLWNvbnRlbnRcL3VwbG9hZHNcLzIwMjNcLzExXC8wMzEtbWluLmpwZyIsInNsaWRlc2hvdyI6ImU5NWRhZWQifQ%3D%3D\">\n\t\t\t\t\t<div class=\"e-gallery-image elementor-gallery-item__image\" data-thumbnail=\"https:\/\/www.haus-delecke.de\/wp-content\/uploads\/2023\/11\/031-min-200x300.jpg\" data-width=\"200\" data-height=\"300\" aria-label=\"Glas Wasser Tagungsraum\" role=\"img\" ><\/div>\n\t\t\t\t\t\t\t\t\t\t\t<div class=\"elementor-gallery-item__overlay\"><\/div>\n\t\t\t\t\t\t\t\t\t\t\t\t\t\t<\/a>\n\t\t\t\t\t\t\t<a class=\"e-gallery-item elementor-gallery-item elementor-animated-content\" href=\"https:\/\/www.haus-delecke.de\/wp-content\/uploads\/2023\/11\/025-min.jpg\" data-elementor-open-lightbox=\"yes\" data-elementor-lightbox-slideshow=\"e95daed\" data-elementor-lightbox-title=\"025-min\" data-e-action-hash=\"#elementor-action%3Aaction%3Dlightbox%26settings%3DeyJpZCI6NzkwNywidXJsIjoiaHR0cHM6XC9cL3d3dy5oYXVzLWRlbGVja2UuZGVcL3dwLWNvbnRlbnRcL3VwbG9hZHNcLzIwMjNcLzExXC8wMjUtbWluLmpwZyIsInNsaWRlc2hvdyI6ImU5NWRhZWQifQ%3D%3D\">\n\t\t\t\t\t<div class=\"e-gallery-image elementor-gallery-item__image\" data-thumbnail=\"https:\/\/www.haus-delecke.de\/wp-content\/uploads\/2023\/11\/025-min-300x200.jpg\" data-width=\"300\" data-height=\"200\" aria-label=\"Tagungsraum Seeblick Tisch mit Wasser und Block 2\" role=\"img\" ><\/div>\n\t\t\t\t\t\t\t\t\t\t\t<div class=\"elementor-gallery-item__overlay\"><\/div>\n\t\t\t\t\t\t\t\t\t\t\t\t\t\t<\/a>\n\t\t\t\t\t\t\t<a class=\"e-gallery-item elementor-gallery-item elementor-animated-content\" href=\"https:\/\/www.haus-delecke.de\/wp-content\/uploads\/2023\/11\/026-min.jpg\" data-elementor-open-lightbox=\"yes\" data-elementor-lightbox-slideshow=\"e95daed\" data-elementor-lightbox-title=\"026-min\" data-e-action-hash=\"#elementor-action%3Aaction%3Dlightbox%26settings%3DeyJpZCI6NzkxMCwidXJsIjoiaHR0cHM6XC9cL3d3dy5oYXVzLWRlbGVja2UuZGVcL3dwLWNvbnRlbnRcL3VwbG9hZHNcLzIwMjNcLzExXC8wMjYtbWluLmpwZyIsInNsaWRlc2hvdyI6ImU5NWRhZWQifQ%3D%3D\">\n\t\t\t\t\t<div class=\"e-gallery-image elementor-gallery-item__image\" data-thumbnail=\"https:\/\/www.haus-delecke.de\/wp-content\/uploads\/2023\/11\/026-min-300x200.jpg\" data-width=\"300\" data-height=\"200\" aria-label=\"Tagungsraum Seeblick Tisch mit Wasser und Block von oben\" role=\"img\" ><\/div>\n\t\t\t\t\t\t\t\t\t\t\t<div class=\"elementor-gallery-item__overlay\"><\/div>\n\t\t\t\t\t\t\t\t\t\t\t\t\t\t<\/a>\n\t\t\t\t\t\t\t<a class=\"e-gallery-item elementor-gallery-item elementor-animated-content\" href=\"https:\/\/www.haus-delecke.de\/wp-content\/uploads\/2023\/11\/027-min.jpg\" data-elementor-open-lightbox=\"yes\" data-elementor-lightbox-slideshow=\"e95daed\" data-elementor-lightbox-title=\"027-min\" data-e-action-hash=\"#elementor-action%3Aaction%3Dlightbox%26settings%3DeyJpZCI6NzkxMywidXJsIjoiaHR0cHM6XC9cL3d3dy5oYXVzLWRlbGVja2UuZGVcL3dwLWNvbnRlbnRcL3VwbG9hZHNcLzIwMjNcLzExXC8wMjctbWluLmpwZyIsInNsaWRlc2hvdyI6ImU5NWRhZWQifQ%3D%3D\">\n\t\t\t\t\t<div class=\"e-gallery-image elementor-gallery-item__image\" data-thumbnail=\"https:\/\/www.haus-delecke.de\/wp-content\/uploads\/2023\/11\/027-min-200x300.jpg\" data-width=\"200\" data-height=\"300\" aria-label=\"Tagungsraum Seeblick Arbeitsunterlagen\" role=\"img\" ><\/div>\n\t\t\t\t\t\t\t\t\t\t\t<div class=\"elementor-gallery-item__overlay\"><\/div>\n\t\t\t\t\t\t\t\t\t\t\t\t\t\t<\/a>\n\t\t\t\t\t\t\t<a class=\"e-gallery-item elementor-gallery-item elementor-animated-content\" href=\"https:\/\/www.haus-delecke.de\/wp-content\/uploads\/2023\/11\/028-min.jpg\" data-elementor-open-lightbox=\"yes\" data-elementor-lightbox-slideshow=\"e95daed\" data-elementor-lightbox-title=\"028-min\" data-e-action-hash=\"#elementor-action%3Aaction%3Dlightbox%26settings%3DeyJpZCI6NzkxNiwidXJsIjoiaHR0cHM6XC9cL3d3dy5oYXVzLWRlbGVja2UuZGVcL3dwLWNvbnRlbnRcL3VwbG9hZHNcLzIwMjNcLzExXC8wMjgtbWluLmpwZyIsInNsaWRlc2hvdyI6ImU5NWRhZWQifQ%3D%3D\">\n\t\t\t\t\t<div class=\"e-gallery-image elementor-gallery-item__image\" data-thumbnail=\"https:\/\/www.haus-delecke.de\/wp-content\/uploads\/2023\/11\/028-min-300x200.jpg\" data-width=\"300\" data-height=\"200\" aria-label=\"Tagungsraum Seeblick Tisch mit Wasser und Block\" role=\"img\" ><\/div>\n\t\t\t\t\t\t\t\t\t\t\t<div class=\"elementor-gallery-item__overlay\"><\/div>\n\t\t\t\t\t\t\t\t\t\t\t\t\t\t<\/a>\n\t\t\t\t\t\t\t<a class=\"e-gallery-item elementor-gallery-item elementor-animated-content\" href=\"https:\/\/www.haus-delecke.de\/wp-content\/uploads\/2023\/11\/029-min.jpg\" data-elementor-open-lightbox=\"yes\" data-elementor-lightbox-slideshow=\"e95daed\" data-elementor-lightbox-title=\"029-min\" data-e-action-hash=\"#elementor-action%3Aaction%3Dlightbox%26settings%3DeyJpZCI6NzkxOSwidXJsIjoiaHR0cHM6XC9cL3d3dy5oYXVzLWRlbGVja2UuZGVcL3dwLWNvbnRlbnRcL3VwbG9hZHNcLzIwMjNcLzExXC8wMjktbWluLmpwZyIsInNsaWRlc2hvdyI6ImU5NWRhZWQifQ%3D%3D\">\n\t\t\t\t\t<div class=\"e-gallery-image elementor-gallery-item__image\" data-thumbnail=\"https:\/\/www.haus-delecke.de\/wp-content\/uploads\/2023\/11\/029-min-300x200.jpg\" data-width=\"300\" data-height=\"200\" aria-label=\"Tagungsraum Seeblick Tisch mit Wasser und Block Hintergrund\" role=\"img\" ><\/div>\n\t\t\t\t\t\t\t\t\t\t\t<div class=\"elementor-gallery-item__overlay\"><\/div>\n\t\t\t\t\t\t\t\t\t\t\t\t\t\t<\/a>\n\t\t\t\t\t\t\t<a class=\"e-gallery-item elementor-gallery-item elementor-animated-content\" href=\"https:\/\/www.haus-delecke.de\/wp-content\/uploads\/2023\/11\/030-min.jpg\" data-elementor-open-lightbox=\"yes\" data-elementor-lightbox-slideshow=\"e95daed\" data-elementor-lightbox-title=\"030-min\" data-e-action-hash=\"#elementor-action%3Aaction%3Dlightbox%26settings%3DeyJpZCI6NzkyMiwidXJsIjoiaHR0cHM6XC9cL3d3dy5oYXVzLWRlbGVja2UuZGVcL3dwLWNvbnRlbnRcL3VwbG9hZHNcLzIwMjNcLzExXC8wMzAtbWluLmpwZyIsInNsaWRlc2hvdyI6ImU5NWRhZWQifQ%3D%3D\">\n\t\t\t\t\t<div class=\"e-gallery-image elementor-gallery-item__image\" data-thumbnail=\"https:\/\/www.haus-delecke.de\/wp-content\/uploads\/2023\/11\/030-min-200x300.jpg\" data-width=\"200\" data-height=\"300\" aria-label=\"Wasser Selters\" role=\"img\" ><\/div>\n\t\t\t\t\t\t\t\t\t\t\t<div class=\"elementor-gallery-item__overlay\"><\/div>\n\t\t\t\t\t\t\t\t\t\t\t\t\t\t<\/a>\n\t\t\t\t\t\t\t<a class=\"e-gallery-item elementor-gallery-item elementor-animated-content\" href=\"https:\/\/www.haus-delecke.de\/wp-content\/uploads\/2023\/11\/024-min.jpg\" data-elementor-open-lightbox=\"yes\" data-elementor-lightbox-slideshow=\"e95daed\" data-elementor-lightbox-title=\"024-min\" data-e-action-hash=\"#elementor-action%3Aaction%3Dlightbox%26settings%3DeyJpZCI6NzkwNCwidXJsIjoiaHR0cHM6XC9cL3d3dy5oYXVzLWRlbGVja2UuZGVcL3dwLWNvbnRlbnRcL3VwbG9hZHNcLzIwMjNcLzExXC8wMjQtbWluLmpwZyIsInNsaWRlc2hvdyI6ImU5NWRhZWQifQ%3D%3D\">\n\t\t\t\t\t<div class=\"e-gallery-image elementor-gallery-item__image\" data-thumbnail=\"https:\/\/www.haus-delecke.de\/wp-content\/uploads\/2023\/11\/024-min-300x200.jpg\" data-width=\"300\" data-height=\"200\" aria-label=\"Tagungsraum Seeblick Tisch mit Wasser und Block\" role=\"img\" ><\/div>\n\t\t\t\t\t\t\t\t\t\t\t<div class=\"elementor-gallery-item__overlay\"><\/div>\n\t\t\t\t\t\t\t\t\t\t\t\t\t\t<\/a>\n\t\t\t\t\t\t\t<a class=\"e-gallery-item elementor-gallery-item elementor-animated-content\" href=\"https:\/\/www.haus-delecke.de\/wp-content\/uploads\/2023\/11\/023-min.jpg\" data-elementor-open-lightbox=\"yes\" data-elementor-lightbox-slideshow=\"e95daed\" data-elementor-lightbox-title=\"023-min\" data-e-action-hash=\"#elementor-action%3Aaction%3Dlightbox%26settings%3DeyJpZCI6NzkwMSwidXJsIjoiaHR0cHM6XC9cL3d3dy5oYXVzLWRlbGVja2UuZGVcL3dwLWNvbnRlbnRcL3VwbG9hZHNcLzIwMjNcLzExXC8wMjMtbWluLmpwZyIsInNsaWRlc2hvdyI6ImU5NWRhZWQifQ%3D%3D\">\n\t\t\t\t\t<div class=\"e-gallery-image elementor-gallery-item__image\" data-thumbnail=\"https:\/\/www.haus-delecke.de\/wp-content\/uploads\/2023\/11\/023-min-300x200.jpg\" data-width=\"300\" data-height=\"200\" aria-label=\"Tagungsraum Seeblick Tisch\" role=\"img\" ><\/div>\n\t\t\t\t\t\t\t\t\t\t\t<div class=\"elementor-gallery-item__overlay\"><\/div>\n\t\t\t\t\t\t\t\t\t\t\t\t\t\t<\/a>\n\t\t\t\t\t\t\t<a class=\"e-gallery-item elementor-gallery-item elementor-animated-content\" href=\"https:\/\/www.haus-delecke.de\/wp-content\/uploads\/2023\/11\/022-min.jpg\" data-elementor-open-lightbox=\"yes\" data-elementor-lightbox-slideshow=\"e95daed\" data-elementor-lightbox-title=\"022-min\" data-e-action-hash=\"#elementor-action%3Aaction%3Dlightbox%26settings%3DeyJpZCI6Nzg5OCwidXJsIjoiaHR0cHM6XC9cL3d3dy5oYXVzLWRlbGVja2UuZGVcL3dwLWNvbnRlbnRcL3VwbG9hZHNcLzIwMjNcLzExXC8wMjItbWluLmpwZyIsInNsaWRlc2hvdyI6ImU5NWRhZWQifQ%3D%3D\">\n\t\t\t\t\t<div class=\"e-gallery-image elementor-gallery-item__image\" data-thumbnail=\"https:\/\/www.haus-delecke.de\/wp-content\/uploads\/2023\/11\/022-min-300x200.jpg\" data-width=\"300\" data-height=\"200\" aria-label=\"Tagungsraum Seeblick B\u00e4ume\" role=\"img\" ><\/div>\n\t\t\t\t\t\t\t\t\t\t\t<div class=\"elementor-gallery-item__overlay\"><\/div>\n\t\t\t\t\t\t\t\t\t\t\t\t\t\t<\/a>\n\t\t\t\t\t\t\t<a class=\"e-gallery-item elementor-gallery-item elementor-animated-content\" href=\"https:\/\/www.haus-delecke.de\/wp-content\/uploads\/2023\/11\/015-min.jpg\" data-elementor-open-lightbox=\"yes\" data-elementor-lightbox-slideshow=\"e95daed\" data-elementor-lightbox-title=\"015-min\" data-e-action-hash=\"#elementor-action%3Aaction%3Dlightbox%26settings%3DeyJpZCI6Nzg5NSwidXJsIjoiaHR0cHM6XC9cL3d3dy5oYXVzLWRlbGVja2UuZGVcL3dwLWNvbnRlbnRcL3VwbG9hZHNcLzIwMjNcLzExXC8wMTUtbWluLmpwZyIsInNsaWRlc2hvdyI6ImU5NWRhZWQifQ%3D%3D\">\n\t\t\t\t\t<div class=\"e-gallery-image elementor-gallery-item__image\" data-thumbnail=\"https:\/\/www.haus-delecke.de\/wp-content\/uploads\/2023\/11\/015-min-300x200.jpg\" data-width=\"300\" data-height=\"200\" aria-label=\"Tagungsraum Seeblick Fenster\" role=\"img\" ><\/div>\n\t\t\t\t\t\t\t\t\t\t\t<div class=\"elementor-gallery-item__overlay\"><\/div>\n\t\t\t\t\t\t\t\t\t\t\t\t\t\t<\/a>\n\t\t\t\t\t\t\t<a class=\"e-gallery-item elementor-gallery-item elementor-animated-content\" href=\"https:\/\/www.haus-delecke.de\/wp-content\/uploads\/2023\/11\/014-min.jpg\" data-elementor-open-lightbox=\"yes\" data-elementor-lightbox-slideshow=\"e95daed\" data-elementor-lightbox-title=\"014-min\" data-e-action-hash=\"#elementor-action%3Aaction%3Dlightbox%26settings%3DeyJpZCI6Nzg5MiwidXJsIjoiaHR0cHM6XC9cL3d3dy5oYXVzLWRlbGVja2UuZGVcL3dwLWNvbnRlbnRcL3VwbG9hZHNcLzIwMjNcLzExXC8wMTQtbWluLmpwZyIsInNsaWRlc2hvdyI6ImU5NWRhZWQifQ%3D%3D\">\n\t\t\t\t\t<div class=\"e-gallery-image elementor-gallery-item__image\" data-thumbnail=\"https:\/\/www.haus-delecke.de\/wp-content\/uploads\/2023\/11\/014-min-300x200.jpg\" data-width=\"300\" data-height=\"200\" aria-label=\"Tagungsraum Seeblick\" role=\"img\" ><\/div>\n\t\t\t\t\t\t\t\t\t\t\t<div class=\"elementor-gallery-item__overlay\"><\/div>\n\t\t\t\t\t\t\t\t\t\t\t\t\t\t<\/a>\n\t\t\t\t\t\t\t<a class=\"e-gallery-item elementor-gallery-item elementor-animated-content\" href=\"https:\/\/www.haus-delecke.de\/wp-content\/uploads\/2023\/11\/013-min.jpg\" data-elementor-open-lightbox=\"yes\" data-elementor-lightbox-slideshow=\"e95daed\" data-elementor-lightbox-title=\"013-min\" data-e-action-hash=\"#elementor-action%3Aaction%3Dlightbox%26settings%3DeyJpZCI6Nzg4OSwidXJsIjoiaHR0cHM6XC9cL3d3dy5oYXVzLWRlbGVja2UuZGVcL3dwLWNvbnRlbnRcL3VwbG9hZHNcLzIwMjNcLzExXC8wMTMtbWluLmpwZyIsInNsaWRlc2hvdyI6ImU5NWRhZWQifQ%3D%3D\">\n\t\t\t\t\t<div class=\"e-gallery-image elementor-gallery-item__image\" data-thumbnail=\"https:\/\/www.haus-delecke.de\/wp-content\/uploads\/2023\/11\/013-min-300x200.jpg\" data-width=\"300\" data-height=\"200\" aria-label=\"Tagungsraum Seeblick\" role=\"img\" ><\/div>\n\t\t\t\t\t\t\t\t\t\t\t<div class=\"elementor-gallery-item__overlay\"><\/div>\n\t\t\t\t\t\t\t\t\t\t\t\t\t\t<\/a>\n\t\t\t\t\t\t\t<a class=\"e-gallery-item elementor-gallery-item elementor-animated-content\" href=\"https:\/\/www.haus-delecke.de\/wp-content\/uploads\/2023\/11\/012-min.jpg\" data-elementor-open-lightbox=\"yes\" data-elementor-lightbox-slideshow=\"e95daed\" data-elementor-lightbox-title=\"012-min\" data-e-action-hash=\"#elementor-action%3Aaction%3Dlightbox%26settings%3DeyJpZCI6Nzg4NiwidXJsIjoiaHR0cHM6XC9cL3d3dy5oYXVzLWRlbGVja2UuZGVcL3dwLWNvbnRlbnRcL3VwbG9hZHNcLzIwMjNcLzExXC8wMTItbWluLmpwZyIsInNsaWRlc2hvdyI6ImU5NWRhZWQifQ%3D%3D\">\n\t\t\t\t\t<div class=\"e-gallery-image elementor-gallery-item__image\" data-thumbnail=\"https:\/\/www.haus-delecke.de\/wp-content\/uploads\/2023\/11\/012-min-200x300.jpg\" data-width=\"200\" data-height=\"300\" aria-label=\"Tagungsraum Seeblick\" role=\"img\" ><\/div>\n\t\t\t\t\t\t\t\t\t\t\t<div class=\"elementor-gallery-item__overlay\"><\/div>\n\t\t\t\t\t\t\t\t\t\t\t\t\t\t<\/a>\n\t\t\t\t\t<\/div>\n\t\t\t\t\t<\/div>\n\t\t\t\t<\/div>\n\t\t\t\t<div class=\"elementor-element elementor-element-2d95b12 elementor-widget elementor-widget-heading\" data-id=\"2d95b12\" data-element_type=\"widget\" data-e-type=\"widget\" id=\"remise\" data-widget_type=\"heading.default\">\n\t\t\t\t<div class=\"elementor-widget-container\">\n\t\t\t\t\t<h2 class=\"elementor-heading-title elementor-size-default\">De Remise<\/h2>\t\t\t\t<\/div>\n\t\t\t\t<\/div>\n\t\t\t\t<div class=\"elementor-element elementor-element-f7d808e elementor-widget elementor-widget-gallery\" data-id=\"f7d808e\" data-element_type=\"widget\" data-e-type=\"widget\" data-settings=\"{&quot;lazyload&quot;:&quot;yes&quot;,&quot;gallery_layout&quot;:&quot;grid&quot;,&quot;columns&quot;:4,&quot;columns_tablet&quot;:2,&quot;columns_mobile&quot;:1,&quot;gap&quot;:{&quot;unit&quot;:&quot;px&quot;,&quot;size&quot;:10,&quot;sizes&quot;:[]},&quot;gap_tablet&quot;:{&quot;unit&quot;:&quot;px&quot;,&quot;size&quot;:10,&quot;sizes&quot;:[]},&quot;gap_mobile&quot;:{&quot;unit&quot;:&quot;px&quot;,&quot;size&quot;:10,&quot;sizes&quot;:[]},&quot;link_to&quot;:&quot;file&quot;,&quot;aspect_ratio&quot;:&quot;3:2&quot;,&quot;overlay_background&quot;:&quot;yes&quot;,&quot;content_hover_animation&quot;:&quot;fade-in&quot;}\" data-widget_type=\"gallery.default\">\n\t\t\t\t<div class=\"elementor-widget-container\">\n\t\t\t\t\t\t\t<div class=\"elementor-gallery__container\">\n\t\t\t\t\t\t\t<a class=\"e-gallery-item elementor-gallery-item elementor-animated-content\" href=\"https:\/\/www.haus-delecke.de\/wp-content\/uploads\/2023\/10\/Design-ohne-Titel-33.jpg\" data-elementor-open-lightbox=\"yes\" data-elementor-lightbox-slideshow=\"f7d808e\" data-elementor-lightbox-title=\"Design ohne Titel (33)\" data-e-action-hash=\"#elementor-action%3Aaction%3Dlightbox%26settings%3DeyJpZCI6NjI3NCwidXJsIjoiaHR0cHM6XC9cL3d3dy5oYXVzLWRlbGVja2UuZGVcL3dwLWNvbnRlbnRcL3VwbG9hZHNcLzIwMjNcLzEwXC9EZXNpZ24tb2huZS1UaXRlbC0zMy5qcGciLCJzbGlkZXNob3ciOiJmN2Q4MDhlIn0%3D\">\n\t\t\t\t\t<div class=\"e-gallery-image elementor-gallery-item__image\" data-thumbnail=\"https:\/\/www.haus-delecke.de\/wp-content\/uploads\/2023\/10\/Design-ohne-Titel-33-300x300.jpg\" data-width=\"300\" data-height=\"300\" aria-label=\"De remise bij zonsondergang\" role=\"img\" ><\/div>\n\t\t\t\t\t\t\t\t\t\t\t<div class=\"elementor-gallery-item__overlay\"><\/div>\n\t\t\t\t\t\t\t\t\t\t\t\t\t\t<\/a>\n\t\t\t\t\t\t\t<a class=\"e-gallery-item elementor-gallery-item elementor-animated-content\" href=\"https:\/\/www.haus-delecke.de\/wp-content\/uploads\/2023\/10\/302-min.jpg\" data-elementor-open-lightbox=\"yes\" data-elementor-lightbox-slideshow=\"f7d808e\" data-elementor-lightbox-title=\"302-min\" data-e-action-hash=\"#elementor-action%3Aaction%3Dlightbox%26settings%3DeyJpZCI6NTk0NCwidXJsIjoiaHR0cHM6XC9cL3d3dy5oYXVzLWRlbGVja2UuZGVcL3dwLWNvbnRlbnRcL3VwbG9hZHNcLzIwMjNcLzEwXC8zMDItbWluLmpwZyIsInNsaWRlc2hvdyI6ImY3ZDgwOGUifQ%3D%3D\">\n\t\t\t\t\t<div class=\"e-gallery-image elementor-gallery-item__image\" data-thumbnail=\"https:\/\/www.haus-delecke.de\/wp-content\/uploads\/2023\/10\/302-min-300x200.jpg\" data-width=\"300\" data-height=\"200\" aria-label=\"Die Remise\" role=\"img\" ><\/div>\n\t\t\t\t\t\t\t\t\t\t\t<div class=\"elementor-gallery-item__overlay\"><\/div>\n\t\t\t\t\t\t\t\t\t\t\t\t\t\t<\/a>\n\t\t\t\t\t\t\t<a class=\"e-gallery-item elementor-gallery-item elementor-animated-content\" href=\"https:\/\/www.haus-delecke.de\/wp-content\/uploads\/2023\/10\/301-min.jpg\" data-elementor-open-lightbox=\"yes\" data-elementor-lightbox-slideshow=\"f7d808e\" data-elementor-lightbox-title=\"301-min\" data-e-action-hash=\"#elementor-action%3Aaction%3Dlightbox%26settings%3DeyJpZCI6NTk0MSwidXJsIjoiaHR0cHM6XC9cL3d3dy5oYXVzLWRlbGVja2UuZGVcL3dwLWNvbnRlbnRcL3VwbG9hZHNcLzIwMjNcLzEwXC8zMDEtbWluLmpwZyIsInNsaWRlc2hvdyI6ImY3ZDgwOGUifQ%3D%3D\">\n\t\t\t\t\t<div class=\"e-gallery-image elementor-gallery-item__image\" data-thumbnail=\"https:\/\/www.haus-delecke.de\/wp-content\/uploads\/2023\/10\/301-min-300x200.jpg\" data-width=\"300\" data-height=\"200\" aria-label=\"Neues Branding\" role=\"img\" ><\/div>\n\t\t\t\t\t\t\t\t\t\t\t<div class=\"elementor-gallery-item__overlay\"><\/div>\n\t\t\t\t\t\t\t\t\t\t\t\t\t\t<\/a>\n\t\t\t\t\t\t\t<a class=\"e-gallery-item elementor-gallery-item elementor-animated-content\" href=\"https:\/\/www.haus-delecke.de\/wp-content\/uploads\/2023\/10\/300-min.jpg\" data-elementor-open-lightbox=\"yes\" data-elementor-lightbox-slideshow=\"f7d808e\" data-elementor-lightbox-title=\"300-min\" data-e-action-hash=\"#elementor-action%3Aaction%3Dlightbox%26settings%3DeyJpZCI6NTkzOCwidXJsIjoiaHR0cHM6XC9cL3d3dy5oYXVzLWRlbGVja2UuZGVcL3dwLWNvbnRlbnRcL3VwbG9hZHNcLzIwMjNcLzEwXC8zMDAtbWluLmpwZyIsInNsaWRlc2hvdyI6ImY3ZDgwOGUifQ%3D%3D\">\n\t\t\t\t\t<div class=\"e-gallery-image elementor-gallery-item__image\" data-thumbnail=\"https:\/\/www.haus-delecke.de\/wp-content\/uploads\/2023\/10\/300-min-300x200.jpg\" data-width=\"300\" data-height=\"200\" aria-label=\"Platz f\u00fcr Ihre Gesellschaft\" role=\"img\" ><\/div>\n\t\t\t\t\t\t\t\t\t\t\t<div class=\"elementor-gallery-item__overlay\"><\/div>\n\t\t\t\t\t\t\t\t\t\t\t\t\t\t<\/a>\n\t\t\t\t\t\t\t<a class=\"e-gallery-item elementor-gallery-item elementor-animated-content\" href=\"https:\/\/www.haus-delecke.de\/wp-content\/uploads\/2023\/10\/299-min.jpg\" data-elementor-open-lightbox=\"yes\" data-elementor-lightbox-slideshow=\"f7d808e\" data-elementor-lightbox-title=\"299-min\" data-e-action-hash=\"#elementor-action%3Aaction%3Dlightbox%26settings%3DeyJpZCI6NTkzNSwidXJsIjoiaHR0cHM6XC9cL3d3dy5oYXVzLWRlbGVja2UuZGVcL3dwLWNvbnRlbnRcL3VwbG9hZHNcLzIwMjNcLzEwXC8yOTktbWluLmpwZyIsInNsaWRlc2hvdyI6ImY3ZDgwOGUifQ%3D%3D\">\n\t\t\t\t\t<div class=\"e-gallery-image elementor-gallery-item__image\" data-thumbnail=\"https:\/\/www.haus-delecke.de\/wp-content\/uploads\/2023\/10\/299-min-300x200.jpg\" data-width=\"300\" data-height=\"200\" aria-label=\"Gem\u00fctliche Lounge\" role=\"img\" ><\/div>\n\t\t\t\t\t\t\t\t\t\t\t<div class=\"elementor-gallery-item__overlay\"><\/div>\n\t\t\t\t\t\t\t\t\t\t\t\t\t\t<\/a>\n\t\t\t\t\t\t\t<a class=\"e-gallery-item elementor-gallery-item elementor-animated-content\" href=\"https:\/\/www.haus-delecke.de\/wp-content\/uploads\/2023\/10\/298-min.jpg\" data-elementor-open-lightbox=\"yes\" data-elementor-lightbox-slideshow=\"f7d808e\" data-elementor-lightbox-title=\"298-min\" data-e-action-hash=\"#elementor-action%3Aaction%3Dlightbox%26settings%3DeyJpZCI6NTkzMiwidXJsIjoiaHR0cHM6XC9cL3d3dy5oYXVzLWRlbGVja2UuZGVcL3dwLWNvbnRlbnRcL3VwbG9hZHNcLzIwMjNcLzEwXC8yOTgtbWluLmpwZyIsInNsaWRlc2hvdyI6ImY3ZDgwOGUifQ%3D%3D\">\n\t\t\t\t\t<div class=\"e-gallery-image elementor-gallery-item__image\" data-thumbnail=\"https:\/\/www.haus-delecke.de\/wp-content\/uploads\/2023\/10\/298-min-200x300.jpg\" data-width=\"200\" data-height=\"300\" aria-label=\"Die Remise - Einlass\" role=\"img\" ><\/div>\n\t\t\t\t\t\t\t\t\t\t\t<div class=\"elementor-gallery-item__overlay\"><\/div>\n\t\t\t\t\t\t\t\t\t\t\t\t\t\t<\/a>\n\t\t\t\t\t\t\t<a class=\"e-gallery-item elementor-gallery-item elementor-animated-content\" href=\"https:\/\/www.haus-delecke.de\/wp-content\/uploads\/2023\/10\/297-min.jpg\" data-elementor-open-lightbox=\"yes\" data-elementor-lightbox-slideshow=\"f7d808e\" data-elementor-lightbox-title=\"297-min\" data-e-action-hash=\"#elementor-action%3Aaction%3Dlightbox%26settings%3DeyJpZCI6NTkyOSwidXJsIjoiaHR0cHM6XC9cL3d3dy5oYXVzLWRlbGVja2UuZGVcL3dwLWNvbnRlbnRcL3VwbG9hZHNcLzIwMjNcLzEwXC8yOTctbWluLmpwZyIsInNsaWRlc2hvdyI6ImY3ZDgwOGUifQ%3D%3D\">\n\t\t\t\t\t<div class=\"e-gallery-image elementor-gallery-item__image\" data-thumbnail=\"https:\/\/www.haus-delecke.de\/wp-content\/uploads\/2023\/10\/297-min-200x300.jpg\" data-width=\"200\" data-height=\"300\" aria-label=\"Frau Fritz welche G\u00e4ste vor der Remise empf\u00e4ngt und Champagner einschenkt\" role=\"img\" ><\/div>\n\t\t\t\t\t\t\t\t\t\t\t<div class=\"elementor-gallery-item__overlay\"><\/div>\n\t\t\t\t\t\t\t\t\t\t\t\t\t\t<\/a>\n\t\t\t\t\t\t\t<a class=\"e-gallery-item elementor-gallery-item elementor-animated-content\" href=\"https:\/\/www.haus-delecke.de\/wp-content\/uploads\/2023\/10\/296-min.jpg\" data-elementor-open-lightbox=\"yes\" data-elementor-lightbox-slideshow=\"f7d808e\" data-elementor-lightbox-title=\"296-min\" data-e-action-hash=\"#elementor-action%3Aaction%3Dlightbox%26settings%3DeyJpZCI6NTkyNiwidXJsIjoiaHR0cHM6XC9cL3d3dy5oYXVzLWRlbGVja2UuZGVcL3dwLWNvbnRlbnRcL3VwbG9hZHNcLzIwMjNcLzEwXC8yOTYtbWluLmpwZyIsInNsaWRlc2hvdyI6ImY3ZDgwOGUifQ%3D%3D\">\n\t\t\t\t\t<div class=\"e-gallery-image elementor-gallery-item__image\" data-thumbnail=\"https:\/\/www.haus-delecke.de\/wp-content\/uploads\/2023\/10\/296-min-300x200.jpg\" data-width=\"300\" data-height=\"200\" aria-label=\"Remise Sektempfang leicht gemacht\" role=\"img\" ><\/div>\n\t\t\t\t\t\t\t\t\t\t\t<div class=\"elementor-gallery-item__overlay\"><\/div>\n\t\t\t\t\t\t\t\t\t\t\t\t\t\t<\/a>\n\t\t\t\t\t\t\t<a class=\"e-gallery-item elementor-gallery-item elementor-animated-content\" href=\"https:\/\/www.haus-delecke.de\/wp-content\/uploads\/2023\/10\/295-min.jpg\" data-elementor-open-lightbox=\"yes\" data-elementor-lightbox-slideshow=\"f7d808e\" data-elementor-lightbox-title=\"295-min\" data-e-action-hash=\"#elementor-action%3Aaction%3Dlightbox%26settings%3DeyJpZCI6NTkyMywidXJsIjoiaHR0cHM6XC9cL3d3dy5oYXVzLWRlbGVja2UuZGVcL3dwLWNvbnRlbnRcL3VwbG9hZHNcLzIwMjNcLzEwXC8yOTUtbWluLmpwZyIsInNsaWRlc2hvdyI6ImY3ZDgwOGUifQ%3D%3D\">\n\t\t\t\t\t<div class=\"e-gallery-image elementor-gallery-item__image\" data-thumbnail=\"https:\/\/www.haus-delecke.de\/wp-content\/uploads\/2023\/10\/295-min-300x200.jpg\" data-width=\"300\" data-height=\"200\" aria-label=\"Stilvoller Empfang vor der Remise, mit Stehtischen, alten Weinkisten und einem Aufsteller\" role=\"img\" ><\/div>\n\t\t\t\t\t\t\t\t\t\t\t<div class=\"elementor-gallery-item__overlay\"><\/div>\n\t\t\t\t\t\t\t\t\t\t\t\t\t\t<\/a>\n\t\t\t\t\t\t\t<a class=\"e-gallery-item elementor-gallery-item elementor-animated-content\" href=\"https:\/\/www.haus-delecke.de\/wp-content\/uploads\/2023\/10\/252-min.jpg\" data-elementor-open-lightbox=\"yes\" data-elementor-lightbox-slideshow=\"f7d808e\" data-elementor-lightbox-title=\"252-min\" data-e-action-hash=\"#elementor-action%3Aaction%3Dlightbox%26settings%3DeyJpZCI6NTkyMCwidXJsIjoiaHR0cHM6XC9cL3d3dy5oYXVzLWRlbGVja2UuZGVcL3dwLWNvbnRlbnRcL3VwbG9hZHNcLzIwMjNcLzEwXC8yNTItbWluLmpwZyIsInNsaWRlc2hvdyI6ImY3ZDgwOGUifQ%3D%3D\">\n\t\t\t\t\t<div class=\"e-gallery-image elementor-gallery-item__image\" data-thumbnail=\"https:\/\/www.haus-delecke.de\/wp-content\/uploads\/2023\/10\/252-min-300x200.jpg\" data-width=\"300\" data-height=\"200\" aria-label=\"Eingedeckt f\u00fcr jeden Anlass\" role=\"img\" ><\/div>\n\t\t\t\t\t\t\t\t\t\t\t<div class=\"elementor-gallery-item__overlay\"><\/div>\n\t\t\t\t\t\t\t\t\t\t\t\t\t\t<\/a>\n\t\t\t\t\t\t\t<a class=\"e-gallery-item elementor-gallery-item elementor-animated-content\" href=\"https:\/\/www.haus-delecke.de\/wp-content\/uploads\/2023\/10\/251-min.jpg\" data-elementor-open-lightbox=\"yes\" data-elementor-lightbox-slideshow=\"f7d808e\" data-elementor-lightbox-title=\"251-min\" data-e-action-hash=\"#elementor-action%3Aaction%3Dlightbox%26settings%3DeyJpZCI6NTkxNywidXJsIjoiaHR0cHM6XC9cL3d3dy5oYXVzLWRlbGVja2UuZGVcL3dwLWNvbnRlbnRcL3VwbG9hZHNcLzIwMjNcLzEwXC8yNTEtbWluLmpwZyIsInNsaWRlc2hvdyI6ImY3ZDgwOGUifQ%3D%3D\">\n\t\t\t\t\t<div class=\"e-gallery-image elementor-gallery-item__image\" data-thumbnail=\"https:\/\/www.haus-delecke.de\/wp-content\/uploads\/2023\/10\/251-min-200x300.jpg\" data-width=\"200\" data-height=\"300\" aria-label=\"Die Remise -  Bankett\" role=\"img\" ><\/div>\n\t\t\t\t\t\t\t\t\t\t\t<div class=\"elementor-gallery-item__overlay\"><\/div>\n\t\t\t\t\t\t\t\t\t\t\t\t\t\t<\/a>\n\t\t\t\t\t\t\t<a class=\"e-gallery-item elementor-gallery-item elementor-animated-content\" href=\"https:\/\/www.haus-delecke.de\/wp-content\/uploads\/2023\/10\/250-min.jpg\" data-elementor-open-lightbox=\"yes\" data-elementor-lightbox-slideshow=\"f7d808e\" data-elementor-lightbox-title=\"250-min\" data-e-action-hash=\"#elementor-action%3Aaction%3Dlightbox%26settings%3DeyJpZCI6NTkxNCwidXJsIjoiaHR0cHM6XC9cL3d3dy5oYXVzLWRlbGVja2UuZGVcL3dwLWNvbnRlbnRcL3VwbG9hZHNcLzIwMjNcLzEwXC8yNTAtbWluLmpwZyIsInNsaWRlc2hvdyI6ImY3ZDgwOGUifQ%3D%3D\">\n\t\t\t\t\t<div class=\"e-gallery-image elementor-gallery-item__image\" data-thumbnail=\"https:\/\/www.haus-delecke.de\/wp-content\/uploads\/2023\/10\/250-min-200x300.jpg\" data-width=\"200\" data-height=\"300\" aria-label=\"MalerischeBlumendekoration auf einem Tisch im Restaurant\" role=\"img\" ><\/div>\n\t\t\t\t\t\t\t\t\t\t\t<div class=\"elementor-gallery-item__overlay\"><\/div>\n\t\t\t\t\t\t\t\t\t\t\t\t\t\t<\/a>\n\t\t\t\t\t\t\t<a class=\"e-gallery-item elementor-gallery-item elementor-animated-content\" href=\"https:\/\/www.haus-delecke.de\/wp-content\/uploads\/2023\/10\/249-min.jpg\" data-elementor-open-lightbox=\"yes\" data-elementor-lightbox-slideshow=\"f7d808e\" data-elementor-lightbox-title=\"249-min\" data-e-action-hash=\"#elementor-action%3Aaction%3Dlightbox%26settings%3DeyJpZCI6NTkxMSwidXJsIjoiaHR0cHM6XC9cL3d3dy5oYXVzLWRlbGVja2UuZGVcL3dwLWNvbnRlbnRcL3VwbG9hZHNcLzIwMjNcLzEwXC8yNDktbWluLmpwZyIsInNsaWRlc2hvdyI6ImY3ZDgwOGUifQ%3D%3D\">\n\t\t\t\t\t<div class=\"e-gallery-image elementor-gallery-item__image\" data-thumbnail=\"https:\/\/www.haus-delecke.de\/wp-content\/uploads\/2023\/10\/249-min-200x300.jpg\" data-width=\"200\" data-height=\"300\" aria-label=\"Ein eleganter Speisesaal im der Remise, mit stilvoll gedeckten Tischen und rustikalem Ambiente. Perfekt f\u00fcr festliche Anl\u00e4sse und besondere Veranstaltungen.\" role=\"img\" ><\/div>\n\t\t\t\t\t\t\t\t\t\t\t<div class=\"elementor-gallery-item__overlay\"><\/div>\n\t\t\t\t\t\t\t\t\t\t\t\t\t\t<\/a>\n\t\t\t\t\t\t\t<a class=\"e-gallery-item elementor-gallery-item elementor-animated-content\" href=\"https:\/\/www.haus-delecke.de\/wp-content\/uploads\/2023\/10\/248-min.jpg\" data-elementor-open-lightbox=\"yes\" data-elementor-lightbox-slideshow=\"f7d808e\" data-elementor-lightbox-title=\"248-min\" data-e-action-hash=\"#elementor-action%3Aaction%3Dlightbox%26settings%3DeyJpZCI6NTkwOCwidXJsIjoiaHR0cHM6XC9cL3d3dy5oYXVzLWRlbGVja2UuZGVcL3dwLWNvbnRlbnRcL3VwbG9hZHNcLzIwMjNcLzEwXC8yNDgtbWluLmpwZyIsInNsaWRlc2hvdyI6ImY3ZDgwOGUifQ%3D%3D\">\n\t\t\t\t\t<div class=\"e-gallery-image elementor-gallery-item__image\" data-thumbnail=\"https:\/\/www.haus-delecke.de\/wp-content\/uploads\/2023\/10\/248-min-200x300.jpg\" data-width=\"200\" data-height=\"300\" aria-label=\"Ein eleganter Speisesaal im der Remise, mit stilvoll gedeckten Tischen und rustikalem Ambiente. Perfekt f\u00fcr festliche Anl\u00e4sse und besondere Veranstaltungen.\" role=\"img\" ><\/div>\n\t\t\t\t\t\t\t\t\t\t\t<div class=\"elementor-gallery-item__overlay\"><\/div>\n\t\t\t\t\t\t\t\t\t\t\t\t\t\t<\/a>\n\t\t\t\t\t\t\t<a class=\"e-gallery-item elementor-gallery-item elementor-animated-content\" href=\"https:\/\/www.haus-delecke.de\/wp-content\/uploads\/2023\/10\/247-min.jpg\" data-elementor-open-lightbox=\"yes\" data-elementor-lightbox-slideshow=\"f7d808e\" data-elementor-lightbox-title=\"247-min\" data-e-action-hash=\"#elementor-action%3Aaction%3Dlightbox%26settings%3DeyJpZCI6NTkwNSwidXJsIjoiaHR0cHM6XC9cL3d3dy5oYXVzLWRlbGVja2UuZGVcL3dwLWNvbnRlbnRcL3VwbG9hZHNcLzIwMjNcLzEwXC8yNDctbWluLmpwZyIsInNsaWRlc2hvdyI6ImY3ZDgwOGUifQ%3D%3D\">\n\t\t\t\t\t<div class=\"e-gallery-image elementor-gallery-item__image\" data-thumbnail=\"https:\/\/www.haus-delecke.de\/wp-content\/uploads\/2023\/10\/247-min-200x300.jpg\" data-width=\"200\" data-height=\"300\" aria-label=\"Ein eleganter Speisesaal im der Remise, mit stilvoll gedeckten Tischen und rustikalem Ambiente. Perfekt f\u00fcr festliche Anl\u00e4sse und besondere Veranstaltungen.\" role=\"img\" ><\/div>\n\t\t\t\t\t\t\t\t\t\t\t<div class=\"elementor-gallery-item__overlay\"><\/div>\n\t\t\t\t\t\t\t\t\t\t\t\t\t\t<\/a>\n\t\t\t\t\t\t\t<a class=\"e-gallery-item elementor-gallery-item elementor-animated-content\" href=\"https:\/\/www.haus-delecke.de\/wp-content\/uploads\/2023\/10\/246-min.jpg\" data-elementor-open-lightbox=\"yes\" data-elementor-lightbox-slideshow=\"f7d808e\" data-elementor-lightbox-title=\"246-min\" data-e-action-hash=\"#elementor-action%3Aaction%3Dlightbox%26settings%3DeyJpZCI6NTkwMiwidXJsIjoiaHR0cHM6XC9cL3d3dy5oYXVzLWRlbGVja2UuZGVcL3dwLWNvbnRlbnRcL3VwbG9hZHNcLzIwMjNcLzEwXC8yNDYtbWluLmpwZyIsInNsaWRlc2hvdyI6ImY3ZDgwOGUifQ%3D%3D\">\n\t\t\t\t\t<div class=\"e-gallery-image elementor-gallery-item__image\" data-thumbnail=\"https:\/\/www.haus-delecke.de\/wp-content\/uploads\/2023\/10\/246-min-200x300.jpg\" data-width=\"200\" data-height=\"300\" aria-label=\"Ein eleganter Speisesaal im der Remise, mit stilvoll gedeckten Tischen und rustikalem Ambiente. Perfekt f\u00fcr festliche Anl\u00e4sse und besondere Veranstaltungen.\" role=\"img\" ><\/div>\n\t\t\t\t\t\t\t\t\t\t\t<div class=\"elementor-gallery-item__overlay\"><\/div>\n\t\t\t\t\t\t\t\t\t\t\t\t\t\t<\/a>\n\t\t\t\t\t\t\t<a class=\"e-gallery-item elementor-gallery-item elementor-animated-content\" href=\"https:\/\/www.haus-delecke.de\/wp-content\/uploads\/2023\/10\/244-min.jpg\" data-elementor-open-lightbox=\"yes\" data-elementor-lightbox-slideshow=\"f7d808e\" data-elementor-lightbox-title=\"244-min\" data-e-action-hash=\"#elementor-action%3Aaction%3Dlightbox%26settings%3DeyJpZCI6NTg5NiwidXJsIjoiaHR0cHM6XC9cL3d3dy5oYXVzLWRlbGVja2UuZGVcL3dwLWNvbnRlbnRcL3VwbG9hZHNcLzIwMjNcLzEwXC8yNDQtbWluLmpwZyIsInNsaWRlc2hvdyI6ImY3ZDgwOGUifQ%3D%3D\">\n\t\t\t\t\t<div class=\"e-gallery-image elementor-gallery-item__image\" data-thumbnail=\"https:\/\/www.haus-delecke.de\/wp-content\/uploads\/2023\/10\/244-min-200x300.jpg\" data-width=\"200\" data-height=\"300\" aria-label=\"Individuelle Dekoration\" role=\"img\" ><\/div>\n\t\t\t\t\t\t\t\t\t\t\t<div class=\"elementor-gallery-item__overlay\"><\/div>\n\t\t\t\t\t\t\t\t\t\t\t\t\t\t<\/a>\n\t\t\t\t\t\t\t<a class=\"e-gallery-item elementor-gallery-item elementor-animated-content\" href=\"https:\/\/www.haus-delecke.de\/wp-content\/uploads\/2023\/10\/245-min.jpg\" data-elementor-open-lightbox=\"yes\" data-elementor-lightbox-slideshow=\"f7d808e\" data-elementor-lightbox-title=\"245-min\" data-e-action-hash=\"#elementor-action%3Aaction%3Dlightbox%26settings%3DeyJpZCI6NTg5OSwidXJsIjoiaHR0cHM6XC9cL3d3dy5oYXVzLWRlbGVja2UuZGVcL3dwLWNvbnRlbnRcL3VwbG9hZHNcLzIwMjNcLzEwXC8yNDUtbWluLmpwZyIsInNsaWRlc2hvdyI6ImY3ZDgwOGUifQ%3D%3D\">\n\t\t\t\t\t<div class=\"e-gallery-image elementor-gallery-item__image\" data-thumbnail=\"https:\/\/www.haus-delecke.de\/wp-content\/uploads\/2023\/10\/245-min-300x200.jpg\" data-width=\"300\" data-height=\"200\" aria-label=\"Ein eleganter Speisesaal im der Remise, mit stilvoll gedeckten Tischen und rustikalem Ambiente. Perfekt f\u00fcr festliche Anl\u00e4sse und besondere Veranstaltungen.\" role=\"img\" ><\/div>\n\t\t\t\t\t\t\t\t\t\t\t<div class=\"elementor-gallery-item__overlay\"><\/div>\n\t\t\t\t\t\t\t\t\t\t\t\t\t\t<\/a>\n\t\t\t\t\t\t\t<a class=\"e-gallery-item elementor-gallery-item elementor-animated-content\" href=\"https:\/\/www.haus-delecke.de\/wp-content\/uploads\/2023\/10\/243-min.jpg\" data-elementor-open-lightbox=\"yes\" data-elementor-lightbox-slideshow=\"f7d808e\" data-elementor-lightbox-title=\"243-min\" data-e-action-hash=\"#elementor-action%3Aaction%3Dlightbox%26settings%3DeyJpZCI6NTg5MywidXJsIjoiaHR0cHM6XC9cL3d3dy5oYXVzLWRlbGVja2UuZGVcL3dwLWNvbnRlbnRcL3VwbG9hZHNcLzIwMjNcLzEwXC8yNDMtbWluLmpwZyIsInNsaWRlc2hvdyI6ImY3ZDgwOGUifQ%3D%3D\">\n\t\t\t\t\t<div class=\"e-gallery-image elementor-gallery-item__image\" data-thumbnail=\"https:\/\/www.haus-delecke.de\/wp-content\/uploads\/2023\/10\/243-min-300x200.jpg\" data-width=\"300\" data-height=\"200\" aria-label=\"Remise festlich gebrochene Serviette auf einem stilvoll gedeckten Tisch\" role=\"img\" ><\/div>\n\t\t\t\t\t\t\t\t\t\t\t<div class=\"elementor-gallery-item__overlay\"><\/div>\n\t\t\t\t\t\t\t\t\t\t\t\t\t\t<\/a>\n\t\t\t\t\t\t\t<a class=\"e-gallery-item elementor-gallery-item elementor-animated-content\" href=\"https:\/\/www.haus-delecke.de\/wp-content\/uploads\/2023\/10\/242-min.jpg\" data-elementor-open-lightbox=\"yes\" data-elementor-lightbox-slideshow=\"f7d808e\" data-elementor-lightbox-title=\"242-min\" data-e-action-hash=\"#elementor-action%3Aaction%3Dlightbox%26settings%3DeyJpZCI6NTg5MCwidXJsIjoiaHR0cHM6XC9cL3d3dy5oYXVzLWRlbGVja2UuZGVcL3dwLWNvbnRlbnRcL3VwbG9hZHNcLzIwMjNcLzEwXC8yNDItbWluLmpwZyIsInNsaWRlc2hvdyI6ImY3ZDgwOGUifQ%3D%3D\">\n\t\t\t\t\t<div class=\"e-gallery-image elementor-gallery-item__image\" data-thumbnail=\"https:\/\/www.haus-delecke.de\/wp-content\/uploads\/2023\/10\/242-min-300x200.jpg\" data-width=\"300\" data-height=\"200\" aria-label=\"Ein eleganter Speisesaal im der Remise, mit stilvoll gedeckten Tischen und rustikalem Ambiente. Perfekt f\u00fcr festliche Anl\u00e4sse und besondere Veranstaltungen.\" role=\"img\" ><\/div>\n\t\t\t\t\t\t\t\t\t\t\t<div class=\"elementor-gallery-item__overlay\"><\/div>\n\t\t\t\t\t\t\t\t\t\t\t\t\t\t<\/a>\n\t\t\t\t\t\t\t<a class=\"e-gallery-item elementor-gallery-item elementor-animated-content\" href=\"https:\/\/www.haus-delecke.de\/wp-content\/uploads\/2023\/10\/241-min.jpg\" data-elementor-open-lightbox=\"yes\" data-elementor-lightbox-slideshow=\"f7d808e\" data-elementor-lightbox-title=\"241-min\" data-e-action-hash=\"#elementor-action%3Aaction%3Dlightbox%26settings%3DeyJpZCI6NTg4NywidXJsIjoiaHR0cHM6XC9cL3d3dy5oYXVzLWRlbGVja2UuZGVcL3dwLWNvbnRlbnRcL3VwbG9hZHNcLzIwMjNcLzEwXC8yNDEtbWluLmpwZyIsInNsaWRlc2hvdyI6ImY3ZDgwOGUifQ%3D%3D\">\n\t\t\t\t\t<div class=\"e-gallery-image elementor-gallery-item__image\" data-thumbnail=\"https:\/\/www.haus-delecke.de\/wp-content\/uploads\/2023\/10\/241-min-300x200.jpg\" data-width=\"300\" data-height=\"200\" aria-label=\"Ein eleganter Speisesaal im der Remise, mit stilvoll gedeckten Tischen und rustikalem Ambiente. Perfekt f\u00fcr festliche Anl\u00e4sse und besondere Veranstaltungen.\" role=\"img\" ><\/div>\n\t\t\t\t\t\t\t\t\t\t\t<div class=\"elementor-gallery-item__overlay\"><\/div>\n\t\t\t\t\t\t\t\t\t\t\t\t\t\t<\/a>\n\t\t\t\t\t\t\t<a class=\"e-gallery-item elementor-gallery-item elementor-animated-content\" href=\"https:\/\/www.haus-delecke.de\/wp-content\/uploads\/2023\/10\/240-min.jpg\" data-elementor-open-lightbox=\"yes\" data-elementor-lightbox-slideshow=\"f7d808e\" data-elementor-lightbox-title=\"240-min\" data-e-action-hash=\"#elementor-action%3Aaction%3Dlightbox%26settings%3DeyJpZCI6NTg4NCwidXJsIjoiaHR0cHM6XC9cL3d3dy5oYXVzLWRlbGVja2UuZGVcL3dwLWNvbnRlbnRcL3VwbG9hZHNcLzIwMjNcLzEwXC8yNDAtbWluLmpwZyIsInNsaWRlc2hvdyI6ImY3ZDgwOGUifQ%3D%3D\">\n\t\t\t\t\t<div class=\"e-gallery-image elementor-gallery-item__image\" data-thumbnail=\"https:\/\/www.haus-delecke.de\/wp-content\/uploads\/2023\/10\/240-min-300x200.jpg\" data-width=\"300\" data-height=\"200\" aria-label=\"Remise Frau Fritz in einem eleganten Speisesaal in der Remise, mit stilvoll gedeckten Tischen und rustikalem Ambiente. Perfekt f\u00fcr festliche Anl\u00e4sse und besondere Veranstaltungen.\" role=\"img\" ><\/div>\n\t\t\t\t\t\t\t\t\t\t\t<div class=\"elementor-gallery-item__overlay\"><\/div>\n\t\t\t\t\t\t\t\t\t\t\t\t\t\t<\/a>\n\t\t\t\t\t<\/div>\n\t\t\t\t\t<\/div>\n\t\t\t\t<\/div>\n\t\t\t\t<div class=\"elementor-element elementor-element-937f3bf elementor-widget elementor-widget-heading\" data-id=\"937f3bf\" data-element_type=\"widget\" data-e-type=\"widget\" id=\"haus\" data-widget_type=\"heading.default\">\n\t\t\t\t<div class=\"elementor-widget-container\">\n\t\t\t\t\t<h2 class=\"elementor-heading-title elementor-size-default\">Het huis en het uitzicht<\/h2>\t\t\t\t<\/div>\n\t\t\t\t<\/div>\n\t\t\t\t<div class=\"elementor-element elementor-element-22bbce6 elementor-widget elementor-widget-gallery\" data-id=\"22bbce6\" data-element_type=\"widget\" data-e-type=\"widget\" data-settings=\"{&quot;lazyload&quot;:&quot;yes&quot;,&quot;gallery_layout&quot;:&quot;grid&quot;,&quot;columns&quot;:4,&quot;columns_tablet&quot;:2,&quot;columns_mobile&quot;:1,&quot;gap&quot;:{&quot;unit&quot;:&quot;px&quot;,&quot;size&quot;:10,&quot;sizes&quot;:[]},&quot;gap_tablet&quot;:{&quot;unit&quot;:&quot;px&quot;,&quot;size&quot;:10,&quot;sizes&quot;:[]},&quot;gap_mobile&quot;:{&quot;unit&quot;:&quot;px&quot;,&quot;size&quot;:10,&quot;sizes&quot;:[]},&quot;link_to&quot;:&quot;file&quot;,&quot;aspect_ratio&quot;:&quot;3:2&quot;,&quot;overlay_background&quot;:&quot;yes&quot;,&quot;content_hover_animation&quot;:&quot;fade-in&quot;}\" data-widget_type=\"gallery.default\">\n\t\t\t\t<div class=\"elementor-widget-container\">\n\t\t\t\t\t\t\t<div class=\"elementor-gallery__container\">\n\t\t\t\t\t\t\t<a class=\"e-gallery-item elementor-gallery-item elementor-animated-content\" href=\"https:\/\/www.haus-delecke.de\/wp-content\/uploads\/2021\/05\/Haus-Delecke-von-Oben-klein.webp\" data-elementor-open-lightbox=\"yes\" data-elementor-lightbox-slideshow=\"22bbce6\" data-elementor-lightbox-title=\"Haus-Delecke-von-Oben-klein\" data-e-action-hash=\"#elementor-action%3Aaction%3Dlightbox%26settings%3DeyJpZCI6Nzk5NCwidXJsIjoiaHR0cHM6XC9cL3d3dy5oYXVzLWRlbGVja2UuZGVcL3dwLWNvbnRlbnRcL3VwbG9hZHNcLzIwMjFcLzA1XC9IYXVzLURlbGVja2Utdm9uLU9iZW4ta2xlaW4ud2VicCIsInNsaWRlc2hvdyI6IjIyYmJjZTYifQ%3D%3D\">\n\t\t\t\t\t<div class=\"e-gallery-image elementor-gallery-item__image\" data-thumbnail=\"https:\/\/www.haus-delecke.de\/wp-content\/uploads\/2021\/05\/Haus-Delecke-von-Oben-klein-300x225.webp\" data-width=\"300\" data-height=\"225\" aria-label=\"Hotel Haus Delecke\" role=\"img\" ><\/div>\n\t\t\t\t\t\t\t\t\t\t\t<div class=\"elementor-gallery-item__overlay\"><\/div>\n\t\t\t\t\t\t\t\t\t\t\t\t\t\t<\/a>\n\t\t\t\t\t\t\t<a class=\"e-gallery-item elementor-gallery-item elementor-animated-content\" href=\"https:\/\/www.haus-delecke.de\/wp-content\/uploads\/2023\/10\/314-min.jpg\" data-elementor-open-lightbox=\"yes\" data-elementor-lightbox-slideshow=\"22bbce6\" data-elementor-lightbox-title=\"314-min\" data-e-action-hash=\"#elementor-action%3Aaction%3Dlightbox%26settings%3DeyJpZCI6NjA4MSwidXJsIjoiaHR0cHM6XC9cL3d3dy5oYXVzLWRlbGVja2UuZGVcL3dwLWNvbnRlbnRcL3VwbG9hZHNcLzIwMjNcLzEwXC8zMTQtbWluLmpwZyIsInNsaWRlc2hvdyI6IjIyYmJjZTYifQ%3D%3D\">\n\t\t\t\t\t<div class=\"e-gallery-image elementor-gallery-item__image\" data-thumbnail=\"https:\/\/www.haus-delecke.de\/wp-content\/uploads\/2023\/10\/314-min-300x200.jpg\" data-width=\"300\" data-height=\"200\" aria-label=\"Veranda\" role=\"img\" ><\/div>\n\t\t\t\t\t\t\t\t\t\t\t<div class=\"elementor-gallery-item__overlay\"><\/div>\n\t\t\t\t\t\t\t\t\t\t\t\t\t\t<\/a>\n\t\t\t\t\t\t\t<a class=\"e-gallery-item elementor-gallery-item elementor-animated-content\" href=\"https:\/\/www.haus-delecke.de\/wp-content\/uploads\/2023\/10\/312-min.jpg\" data-elementor-open-lightbox=\"yes\" data-elementor-lightbox-slideshow=\"22bbce6\" data-elementor-lightbox-title=\"312-min\" data-e-action-hash=\"#elementor-action%3Aaction%3Dlightbox%26settings%3DeyJpZCI6NjA3NSwidXJsIjoiaHR0cHM6XC9cL3d3dy5oYXVzLWRlbGVja2UuZGVcL3dwLWNvbnRlbnRcL3VwbG9hZHNcLzIwMjNcLzEwXC8zMTItbWluLmpwZyIsInNsaWRlc2hvdyI6IjIyYmJjZTYifQ%3D%3D\">\n\t\t\t\t\t<div class=\"e-gallery-image elementor-gallery-item__image\" data-thumbnail=\"https:\/\/www.haus-delecke.de\/wp-content\/uploads\/2023\/10\/312-min-300x200.jpg\" data-width=\"300\" data-height=\"200\" aria-label=\"Das malerische Haus Delecke mit einem weitl\u00e4ufigen Garten und einladendem Au\u00dfenbereich. Der perfekte Ort f\u00fcr entspannte Stunden und festliche Anl\u00e4sse am M\u00f6hnesee\" role=\"img\" ><\/div>\n\t\t\t\t\t\t\t\t\t\t\t<div class=\"elementor-gallery-item__overlay\"><\/div>\n\t\t\t\t\t\t\t\t\t\t\t\t\t\t<\/a>\n\t\t\t\t\t\t\t<a class=\"e-gallery-item elementor-gallery-item elementor-animated-content\" href=\"https:\/\/www.haus-delecke.de\/wp-content\/uploads\/2023\/10\/304-min.jpg\" data-elementor-open-lightbox=\"yes\" data-elementor-lightbox-slideshow=\"22bbce6\" data-elementor-lightbox-title=\"304-min\" data-e-action-hash=\"#elementor-action%3Aaction%3Dlightbox%26settings%3DeyJpZCI6NjA2MCwidXJsIjoiaHR0cHM6XC9cL3d3dy5oYXVzLWRlbGVja2UuZGVcL3dwLWNvbnRlbnRcL3VwbG9hZHNcLzIwMjNcLzEwXC8zMDQtbWluLmpwZyIsInNsaWRlc2hvdyI6IjIyYmJjZTYifQ%3D%3D\">\n\t\t\t\t\t<div class=\"e-gallery-image elementor-gallery-item__image\" data-thumbnail=\"https:\/\/www.haus-delecke.de\/wp-content\/uploads\/2023\/10\/304-min-300x200.jpg\" data-width=\"300\" data-height=\"200\" aria-label=\"Veranda\" role=\"img\" ><\/div>\n\t\t\t\t\t\t\t\t\t\t\t<div class=\"elementor-gallery-item__overlay\"><\/div>\n\t\t\t\t\t\t\t\t\t\t\t\t\t\t<\/a>\n\t\t\t\t\t\t\t<a class=\"e-gallery-item elementor-gallery-item elementor-animated-content\" href=\"https:\/\/www.haus-delecke.de\/wp-content\/uploads\/2023\/10\/308-min.jpg\" data-elementor-open-lightbox=\"yes\" data-elementor-lightbox-slideshow=\"22bbce6\" data-elementor-lightbox-title=\"308-min\" data-e-action-hash=\"#elementor-action%3Aaction%3Dlightbox%26settings%3DeyJpZCI6NjA2MywidXJsIjoiaHR0cHM6XC9cL3d3dy5oYXVzLWRlbGVja2UuZGVcL3dwLWNvbnRlbnRcL3VwbG9hZHNcLzIwMjNcLzEwXC8zMDgtbWluLmpwZyIsInNsaWRlc2hvdyI6IjIyYmJjZTYifQ%3D%3D\">\n\t\t\t\t\t<div class=\"e-gallery-image elementor-gallery-item__image\" data-thumbnail=\"https:\/\/www.haus-delecke.de\/wp-content\/uploads\/2023\/10\/308-min-300x200.jpg\" data-width=\"300\" data-height=\"200\" aria-label=\"Haus Delecke\" role=\"img\" ><\/div>\n\t\t\t\t\t\t\t\t\t\t\t<div class=\"elementor-gallery-item__overlay\"><\/div>\n\t\t\t\t\t\t\t\t\t\t\t\t\t\t<\/a>\n\t\t\t\t\t\t\t<a class=\"e-gallery-item elementor-gallery-item elementor-animated-content\" href=\"https:\/\/www.haus-delecke.de\/wp-content\/uploads\/2024\/01\/IMG_20240111_092638589.webp\" data-elementor-open-lightbox=\"yes\" data-elementor-lightbox-slideshow=\"22bbce6\" data-elementor-lightbox-title=\"IMG_20240111_092638589\" data-e-action-hash=\"#elementor-action%3Aaction%3Dlightbox%26settings%3DeyJpZCI6ODM5NCwidXJsIjoiaHR0cHM6XC9cL3d3dy5oYXVzLWRlbGVja2UuZGVcL3dwLWNvbnRlbnRcL3VwbG9hZHNcLzIwMjRcLzAxXC9JTUdfMjAyNDAxMTFfMDkyNjM4NTg5LndlYnAiLCJzbGlkZXNob3ciOiIyMmJiY2U2In0%3D\">\n\t\t\t\t\t<div class=\"e-gallery-image elementor-gallery-item__image\" data-thumbnail=\"https:\/\/www.haus-delecke.de\/wp-content\/uploads\/2024\/01\/IMG_20240111_092638589-300x225.webp\" data-width=\"300\" data-height=\"225\" aria-label=\"M\u00f6hnesee vom Haus Delecke\" role=\"img\" ><\/div>\n\t\t\t\t\t\t\t\t\t\t\t<div class=\"elementor-gallery-item__overlay\"><\/div>\n\t\t\t\t\t\t\t\t\t\t\t\t\t\t<\/a>\n\t\t\t\t\t\t\t<a class=\"e-gallery-item elementor-gallery-item elementor-animated-content\" href=\"https:\/\/www.haus-delecke.de\/wp-content\/uploads\/2024\/01\/600-min.webp\" data-elementor-open-lightbox=\"yes\" data-elementor-lightbox-slideshow=\"22bbce6\" data-elementor-lightbox-title=\"600-min\" data-e-action-hash=\"#elementor-action%3Aaction%3Dlightbox%26settings%3DeyJpZCI6ODQ0MCwidXJsIjoiaHR0cHM6XC9cL3d3dy5oYXVzLWRlbGVja2UuZGVcL3dwLWNvbnRlbnRcL3VwbG9hZHNcLzIwMjRcLzAxXC82MDAtbWluLndlYnAiLCJzbGlkZXNob3ciOiIyMmJiY2U2In0%3D\">\n\t\t\t\t\t<div class=\"e-gallery-image elementor-gallery-item__image\" data-thumbnail=\"https:\/\/www.haus-delecke.de\/wp-content\/uploads\/2024\/01\/600-min-300x225.webp\" data-width=\"300\" data-height=\"225\" aria-label=\"M\u00f6hnesee\" role=\"img\" ><\/div>\n\t\t\t\t\t\t\t\t\t\t\t<div class=\"elementor-gallery-item__overlay\"><\/div>\n\t\t\t\t\t\t\t\t\t\t\t\t\t\t<\/a>\n\t\t\t\t\t\t\t<a class=\"e-gallery-item elementor-gallery-item elementor-animated-content\" href=\"https:\/\/www.haus-delecke.de\/wp-content\/uploads\/2024\/01\/594-min-1.webp\" data-elementor-open-lightbox=\"yes\" data-elementor-lightbox-slideshow=\"22bbce6\" data-elementor-lightbox-title=\"594-min\" data-e-action-hash=\"#elementor-action%3Aaction%3Dlightbox%26settings%3DeyJpZCI6ODQzNywidXJsIjoiaHR0cHM6XC9cL3d3dy5oYXVzLWRlbGVja2UuZGVcL3dwLWNvbnRlbnRcL3VwbG9hZHNcLzIwMjRcLzAxXC81OTQtbWluLTEud2VicCIsInNsaWRlc2hvdyI6IjIyYmJjZTYifQ%3D%3D\">\n\t\t\t\t\t<div class=\"e-gallery-image elementor-gallery-item__image\" data-thumbnail=\"https:\/\/www.haus-delecke.de\/wp-content\/uploads\/2024\/01\/594-min-1-300x225.webp\" data-width=\"300\" data-height=\"225\" aria-label=\"M\u00f6hnesee\" role=\"img\" ><\/div>\n\t\t\t\t\t\t\t\t\t\t\t<div class=\"elementor-gallery-item__overlay\"><\/div>\n\t\t\t\t\t\t\t\t\t\t\t\t\t\t<\/a>\n\t\t\t\t\t\t\t<a class=\"e-gallery-item elementor-gallery-item elementor-animated-content\" href=\"https:\/\/www.haus-delecke.de\/wp-content\/uploads\/2024\/01\/596-min.webp\" data-elementor-open-lightbox=\"yes\" data-elementor-lightbox-slideshow=\"22bbce6\" data-elementor-lightbox-title=\"596-min\" data-e-action-hash=\"#elementor-action%3Aaction%3Dlightbox%26settings%3DeyJpZCI6ODQzNCwidXJsIjoiaHR0cHM6XC9cL3d3dy5oYXVzLWRlbGVja2UuZGVcL3dwLWNvbnRlbnRcL3VwbG9hZHNcLzIwMjRcLzAxXC81OTYtbWluLndlYnAiLCJzbGlkZXNob3ciOiIyMmJiY2U2In0%3D\">\n\t\t\t\t\t<div class=\"e-gallery-image elementor-gallery-item__image\" data-thumbnail=\"https:\/\/www.haus-delecke.de\/wp-content\/uploads\/2024\/01\/596-min-300x225.webp\" data-width=\"300\" data-height=\"225\" aria-label=\"Haus Delecke von oben\" role=\"img\" ><\/div>\n\t\t\t\t\t\t\t\t\t\t\t<div class=\"elementor-gallery-item__overlay\"><\/div>\n\t\t\t\t\t\t\t\t\t\t\t\t\t\t<\/a>\n\t\t\t\t\t\t\t<a class=\"e-gallery-item elementor-gallery-item elementor-animated-content\" href=\"https:\/\/www.haus-delecke.de\/wp-content\/uploads\/2024\/01\/598-min.webp\" data-elementor-open-lightbox=\"yes\" data-elementor-lightbox-slideshow=\"22bbce6\" data-elementor-lightbox-title=\"598-min\" data-e-action-hash=\"#elementor-action%3Aaction%3Dlightbox%26settings%3DeyJpZCI6ODQzMSwidXJsIjoiaHR0cHM6XC9cL3d3dy5oYXVzLWRlbGVja2UuZGVcL3dwLWNvbnRlbnRcL3VwbG9hZHNcLzIwMjRcLzAxXC81OTgtbWluLndlYnAiLCJzbGlkZXNob3ciOiIyMmJiY2U2In0%3D\">\n\t\t\t\t\t<div class=\"e-gallery-image elementor-gallery-item__image\" data-thumbnail=\"https:\/\/www.haus-delecke.de\/wp-content\/uploads\/2024\/01\/598-min-300x225.webp\" data-width=\"300\" data-height=\"225\" aria-label=\"M\u00f6hnesee fahrt\" role=\"img\" ><\/div>\n\t\t\t\t\t\t\t\t\t\t\t<div class=\"elementor-gallery-item__overlay\"><\/div>\n\t\t\t\t\t\t\t\t\t\t\t\t\t\t<\/a>\n\t\t\t\t\t\t\t<a class=\"e-gallery-item elementor-gallery-item elementor-animated-content\" href=\"https:\/\/www.haus-delecke.de\/wp-content\/uploads\/2024\/01\/599-min.webp\" data-elementor-open-lightbox=\"yes\" data-elementor-lightbox-slideshow=\"22bbce6\" data-elementor-lightbox-title=\"599-min\" data-e-action-hash=\"#elementor-action%3Aaction%3Dlightbox%26settings%3DeyJpZCI6ODQyOCwidXJsIjoiaHR0cHM6XC9cL3d3dy5oYXVzLWRlbGVja2UuZGVcL3dwLWNvbnRlbnRcL3VwbG9hZHNcLzIwMjRcLzAxXC81OTktbWluLndlYnAiLCJzbGlkZXNob3ciOiIyMmJiY2U2In0%3D\">\n\t\t\t\t\t<div class=\"e-gallery-image elementor-gallery-item__image\" data-thumbnail=\"https:\/\/www.haus-delecke.de\/wp-content\/uploads\/2024\/01\/599-min-300x225.webp\" data-width=\"300\" data-height=\"225\" aria-label=\"Een rustig meer bij zonsondergang, met zachte golven en een schip dat verlicht wordt door blauwe lichten. Op de achtergrond zijn beboste heuvels en een heldere hemel met delicate kleurverlopen te zien. \" role=\"img\" ><\/div>\n\t\t\t\t\t\t\t\t\t\t\t<div class=\"elementor-gallery-item__overlay\"><\/div>\n\t\t\t\t\t\t\t\t\t\t\t\t\t\t<\/a>\n\t\t\t\t\t\t\t<a class=\"e-gallery-item elementor-gallery-item elementor-animated-content\" href=\"https:\/\/www.haus-delecke.de\/wp-content\/uploads\/2024\/01\/592-min-1.webp\" data-elementor-open-lightbox=\"yes\" data-elementor-lightbox-slideshow=\"22bbce6\" data-elementor-lightbox-title=\"592-min\" data-e-action-hash=\"#elementor-action%3Aaction%3Dlightbox%26settings%3DeyJpZCI6ODQyNSwidXJsIjoiaHR0cHM6XC9cL3d3dy5oYXVzLWRlbGVja2UuZGVcL3dwLWNvbnRlbnRcL3VwbG9hZHNcLzIwMjRcLzAxXC81OTItbWluLTEud2VicCIsInNsaWRlc2hvdyI6IjIyYmJjZTYifQ%3D%3D\">\n\t\t\t\t\t<div class=\"e-gallery-image elementor-gallery-item__image\" data-thumbnail=\"https:\/\/www.haus-delecke.de\/wp-content\/uploads\/2024\/01\/592-min-1-300x225.webp\" data-width=\"300\" data-height=\"225\" aria-label=\"Lu\" role=\"img\" ><\/div>\n\t\t\t\t\t\t\t\t\t\t\t<div class=\"elementor-gallery-item__overlay\"><\/div>\n\t\t\t\t\t\t\t\t\t\t\t\t\t\t<\/a>\n\t\t\t\t\t\t\t<a class=\"e-gallery-item elementor-gallery-item elementor-animated-content\" href=\"https:\/\/www.haus-delecke.de\/wp-content\/uploads\/2024\/01\/594-min.webp\" data-elementor-open-lightbox=\"yes\" data-elementor-lightbox-slideshow=\"22bbce6\" data-elementor-lightbox-title=\"594-min\" data-e-action-hash=\"#elementor-action%3Aaction%3Dlightbox%26settings%3DeyJpZCI6ODQyMiwidXJsIjoiaHR0cHM6XC9cL3d3dy5oYXVzLWRlbGVja2UuZGVcL3dwLWNvbnRlbnRcL3VwbG9hZHNcLzIwMjRcLzAxXC81OTQtbWluLndlYnAiLCJzbGlkZXNob3ciOiIyMmJiY2U2In0%3D\">\n\t\t\t\t\t<div class=\"e-gallery-image elementor-gallery-item__image\" data-thumbnail=\"https:\/\/www.haus-delecke.de\/wp-content\/uploads\/2024\/01\/594-min-300x225.webp\" data-width=\"300\" data-height=\"225\" aria-label=\"M\u00f6hnesee\" role=\"img\" ><\/div>\n\t\t\t\t\t\t\t\t\t\t\t<div class=\"elementor-gallery-item__overlay\"><\/div>\n\t\t\t\t\t\t\t\t\t\t\t\t\t\t<\/a>\n\t\t\t\t\t\t\t<a class=\"e-gallery-item elementor-gallery-item elementor-animated-content\" href=\"https:\/\/www.haus-delecke.de\/wp-content\/uploads\/2024\/01\/678_1-min.webp\" data-elementor-open-lightbox=\"yes\" data-elementor-lightbox-slideshow=\"22bbce6\" data-elementor-lightbox-title=\"678_1-min\" data-e-action-hash=\"#elementor-action%3Aaction%3Dlightbox%26settings%3DeyJpZCI6ODQxNSwidXJsIjoiaHR0cHM6XC9cL3d3dy5oYXVzLWRlbGVja2UuZGVcL3dwLWNvbnRlbnRcL3VwbG9hZHNcLzIwMjRcLzAxXC82NzhfMS1taW4ud2VicCIsInNsaWRlc2hvdyI6IjIyYmJjZTYifQ%3D%3D\">\n\t\t\t\t\t<div class=\"e-gallery-image elementor-gallery-item__image\" data-thumbnail=\"https:\/\/www.haus-delecke.de\/wp-content\/uploads\/2024\/01\/678_1-min-300x200.webp\" data-width=\"300\" data-height=\"200\" aria-label=\"Herbst im Haus Delecke\" role=\"img\" ><\/div>\n\t\t\t\t\t\t\t\t\t\t\t<div class=\"elementor-gallery-item__overlay\"><\/div>\n\t\t\t\t\t\t\t\t\t\t\t\t\t\t<\/a>\n\t\t\t\t\t\t\t<a class=\"e-gallery-item elementor-gallery-item elementor-animated-content\" href=\"https:\/\/www.haus-delecke.de\/wp-content\/uploads\/2024\/01\/681-min.webp\" data-elementor-open-lightbox=\"yes\" data-elementor-lightbox-slideshow=\"22bbce6\" data-elementor-lightbox-title=\"681-min\" data-e-action-hash=\"#elementor-action%3Aaction%3Dlightbox%26settings%3DeyJpZCI6ODQxMiwidXJsIjoiaHR0cHM6XC9cL3d3dy5oYXVzLWRlbGVja2UuZGVcL3dwLWNvbnRlbnRcL3VwbG9hZHNcLzIwMjRcLzAxXC82ODEtbWluLndlYnAiLCJzbGlkZXNob3ciOiIyMmJiY2U2In0%3D\">\n\t\t\t\t\t<div class=\"e-gallery-image elementor-gallery-item__image\" data-thumbnail=\"https:\/\/www.haus-delecke.de\/wp-content\/uploads\/2024\/01\/681-min-300x200.webp\" data-width=\"300\" data-height=\"200\" aria-label=\"Haus Delecke Herbst\" role=\"img\" ><\/div>\n\t\t\t\t\t\t\t\t\t\t\t<div class=\"elementor-gallery-item__overlay\"><\/div>\n\t\t\t\t\t\t\t\t\t\t\t\t\t\t<\/a>\n\t\t\t\t\t\t\t<a class=\"e-gallery-item elementor-gallery-item elementor-animated-content\" href=\"https:\/\/www.haus-delecke.de\/wp-content\/uploads\/2024\/01\/309-min.webp\" data-elementor-open-lightbox=\"yes\" data-elementor-lightbox-slideshow=\"22bbce6\" data-elementor-lightbox-title=\"309-min\" data-e-action-hash=\"#elementor-action%3Aaction%3Dlightbox%26settings%3DeyJpZCI6ODQwOSwidXJsIjoiaHR0cHM6XC9cL3d3dy5oYXVzLWRlbGVja2UuZGVcL3dwLWNvbnRlbnRcL3VwbG9hZHNcLzIwMjRcLzAxXC8zMDktbWluLndlYnAiLCJzbGlkZXNob3ciOiIyMmJiY2U2In0%3D\">\n\t\t\t\t\t<div class=\"e-gallery-image elementor-gallery-item__image\" data-thumbnail=\"https:\/\/www.haus-delecke.de\/wp-content\/uploads\/2024\/01\/309-min-300x200.webp\" data-width=\"300\" data-height=\"200\" aria-label=\"Blick auf das Haus Delecke und die Terrasse\" role=\"img\" ><\/div>\n\t\t\t\t\t\t\t\t\t\t\t<div class=\"elementor-gallery-item__overlay\"><\/div>\n\t\t\t\t\t\t\t\t\t\t\t\t\t\t<\/a>\n\t\t\t\t\t\t\t<a class=\"e-gallery-item elementor-gallery-item elementor-animated-content\" href=\"https:\/\/www.haus-delecke.de\/wp-content\/uploads\/2024\/01\/MWWozNxrk1rXIPBiIakE.webp\" data-elementor-open-lightbox=\"yes\" data-elementor-lightbox-slideshow=\"22bbce6\" data-elementor-lightbox-title=\"MWWozNxrk1rXIPBiIakE\" data-e-action-hash=\"#elementor-action%3Aaction%3Dlightbox%26settings%3DeyJpZCI6ODQwNiwidXJsIjoiaHR0cHM6XC9cL3d3dy5oYXVzLWRlbGVja2UuZGVcL3dwLWNvbnRlbnRcL3VwbG9hZHNcLzIwMjRcLzAxXC9NV1dvek54cmsxclhJUEJpSWFrRS53ZWJwIiwic2xpZGVzaG93IjoiMjJiYmNlNiJ9\">\n\t\t\t\t\t<div class=\"e-gallery-image elementor-gallery-item__image\" data-thumbnail=\"https:\/\/www.haus-delecke.de\/wp-content\/uploads\/2024\/01\/MWWozNxrk1rXIPBiIakE-300x225.webp\" data-width=\"300\" data-height=\"225\" aria-label=\"Haus Dleecke am Abend\" role=\"img\" ><\/div>\n\t\t\t\t\t\t\t\t\t\t\t<div class=\"elementor-gallery-item__overlay\"><\/div>\n\t\t\t\t\t\t\t\t\t\t\t\t\t\t<\/a>\n\t\t\t\t\t\t\t<a class=\"e-gallery-item elementor-gallery-item elementor-animated-content\" href=\"https:\/\/www.haus-delecke.de\/wp-content\/uploads\/2024\/01\/673-min.webp\" data-elementor-open-lightbox=\"yes\" data-elementor-lightbox-slideshow=\"22bbce6\" data-elementor-lightbox-title=\"673-min\" data-e-action-hash=\"#elementor-action%3Aaction%3Dlightbox%26settings%3DeyJpZCI6ODQwMywidXJsIjoiaHR0cHM6XC9cL3d3dy5oYXVzLWRlbGVja2UuZGVcL3dwLWNvbnRlbnRcL3VwbG9hZHNcLzIwMjRcLzAxXC82NzMtbWluLndlYnAiLCJzbGlkZXNob3ciOiIyMmJiY2U2In0%3D\">\n\t\t\t\t\t<div class=\"e-gallery-image elementor-gallery-item__image\" data-thumbnail=\"https:\/\/www.haus-delecke.de\/wp-content\/uploads\/2024\/01\/673-min-200x300.webp\" data-width=\"200\" data-height=\"300\" aria-label=\"Haus Delecke im Herbst\" role=\"img\" ><\/div>\n\t\t\t\t\t\t\t\t\t\t\t<div class=\"elementor-gallery-item__overlay\"><\/div>\n\t\t\t\t\t\t\t\t\t\t\t\t\t\t<\/a>\n\t\t\t\t\t<\/div>\n\t\t\t\t\t<\/div>\n\t\t\t\t<\/div>\n\t\t\t\t\t<\/div>\n\t\t<\/div>\n\t\t\t\t\t<\/div>\n\t\t<\/section>\n\t\t\t\t<\/div>\n\t\t","protected":false},"excerpt":{"rendered":"<p>Een overzicht van de verschillende kamercategorie\u00ebn van Haus Delecke Kamer Conferenties De Remise Huis &amp; Vooruitzichten Onze kamers Conferenties De Remise Het huis en het uitzicht<\/p>\n","protected":false},"author":15,"featured_media":8434,"parent":0,"menu_order":0,"comment_status":"closed","ping_status":"closed","template":"","meta":{"footnotes":""},"class_list":["post-8200","page","type-page","status-publish","has-post-thumbnail","hentry"],"yoast_head":"<!-- This site is optimized with the Yoast SEO plugin v27.0 - https:\/\/yoast.com\/product\/yoast-seo-wordpress\/ -->\n<title>Galerij - Haus Delecke<\/title>\n<meta name=\"description\" content=\"Onze galerij geeft je een uitgebreide indruk van ons huis op verschillende tijdstippen van het jaar.\" \/>\n<meta name=\"robots\" content=\"index, follow, max-snippet:-1, max-image-preview:large, max-video-preview:-1\" \/>\n<link rel=\"canonical\" href=\"https:\/\/www.haus-delecke.de\/nl\/galerij\/\" \/>\n<meta property=\"og:locale\" content=\"nl_NL\" \/>\n<meta property=\"og:type\" content=\"article\" \/>\n<meta property=\"og:title\" content=\"Galerij - Haus Delecke\" \/>\n<meta property=\"og:description\" content=\"Onze galerij geeft je een uitgebreide indruk van ons huis op verschillende tijdstippen van het jaar.\" \/>\n<meta property=\"og:url\" content=\"https:\/\/www.haus-delecke.de\/nl\/galerij\/\" \/>\n<meta property=\"og:site_name\" content=\"Haus Delecke\" \/>\n<meta property=\"article:publisher\" content=\"https:\/\/www.facebook.com\/haus.delecke\/?locale=de_DE\" \/>\n<meta property=\"article:modified_time\" content=\"2024-01-28T15:17:57+00:00\" \/>\n<meta property=\"og:image\" content=\"https:\/\/www.haus-delecke.de\/wp-content\/uploads\/2024\/01\/596-min.webp\" \/>\n\t<meta property=\"og:image:width\" content=\"1920\" \/>\n\t<meta property=\"og:image:height\" content=\"1440\" \/>\n\t<meta property=\"og:image:type\" content=\"image\/webp\" \/>\n<meta name=\"twitter:card\" content=\"summary_large_image\" \/>\n<meta name=\"twitter:label1\" content=\"Geschatte leestijd\" \/>\n\t<meta name=\"twitter:data1\" content=\"1 minuut\" \/>\n<script type=\"application\/ld+json\" class=\"yoast-schema-graph\">{\"@context\":\"https:\/\/schema.org\",\"@graph\":[{\"@type\":\"WebPage\",\"@id\":\"https:\/\/www.haus-delecke.de\/nl\/galerij\/\",\"url\":\"https:\/\/www.haus-delecke.de\/nl\/galerij\/\",\"name\":\"Galerij - Haus Delecke\",\"isPartOf\":{\"@id\":\"https:\/\/www.haus-delecke.de\/nl\/#website\"},\"primaryImageOfPage\":{\"@id\":\"https:\/\/www.haus-delecke.de\/nl\/galerij\/#primaryimage\"},\"image\":{\"@id\":\"https:\/\/www.haus-delecke.de\/nl\/galerij\/#primaryimage\"},\"thumbnailUrl\":\"https:\/\/www.haus-delecke.de\/wp-content\/uploads\/2024\/01\/596-min.webp\",\"datePublished\":\"2024-01-28T15:17:55+00:00\",\"dateModified\":\"2024-01-28T15:17:57+00:00\",\"description\":\"Onze galerij geeft je een uitgebreide indruk van ons huis op verschillende tijdstippen van het jaar.\",\"breadcrumb\":{\"@id\":\"https:\/\/www.haus-delecke.de\/nl\/galerij\/#breadcrumb\"},\"inLanguage\":\"nl-NL\",\"potentialAction\":[{\"@type\":\"ReadAction\",\"target\":[\"https:\/\/www.haus-delecke.de\/nl\/galerij\/\"]}]},{\"@type\":\"ImageObject\",\"inLanguage\":\"nl-NL\",\"@id\":\"https:\/\/www.haus-delecke.de\/nl\/galerij\/#primaryimage\",\"url\":\"https:\/\/www.haus-delecke.de\/wp-content\/uploads\/2024\/01\/596-min.webp\",\"contentUrl\":\"https:\/\/www.haus-delecke.de\/wp-content\/uploads\/2024\/01\/596-min.webp\",\"width\":1920,\"height\":1440,\"caption\":\"Haus Delecke von oben\"},{\"@type\":\"BreadcrumbList\",\"@id\":\"https:\/\/www.haus-delecke.de\/nl\/galerij\/#breadcrumb\",\"itemListElement\":[{\"@type\":\"ListItem\",\"position\":1,\"name\":\"Startseite\",\"item\":\"https:\/\/www.haus-delecke.de\/nl\/\"},{\"@type\":\"ListItem\",\"position\":2,\"name\":\"Galerij\"}]},{\"@type\":\"WebSite\",\"@id\":\"https:\/\/www.haus-delecke.de\/nl\/#website\",\"url\":\"https:\/\/www.haus-delecke.de\/nl\/\",\"name\":\"Haus Delecke\",\"description\":\"Hotel | Restaurant | Caf\u00e9\",\"publisher\":{\"@id\":\"https:\/\/www.haus-delecke.de\/nl\/#organization\"},\"potentialAction\":[{\"@type\":\"SearchAction\",\"target\":{\"@type\":\"EntryPoint\",\"urlTemplate\":\"https:\/\/www.haus-delecke.de\/nl\/?s={search_term_string}\"},\"query-input\":{\"@type\":\"PropertyValueSpecification\",\"valueRequired\":true,\"valueName\":\"search_term_string\"}}],\"inLanguage\":\"nl-NL\"},{\"@type\":\"Organization\",\"@id\":\"https:\/\/www.haus-delecke.de\/nl\/#organization\",\"name\":\"Haus Delecke\",\"url\":\"https:\/\/www.haus-delecke.de\/nl\/\",\"logo\":{\"@type\":\"ImageObject\",\"inLanguage\":\"nl-NL\",\"@id\":\"https:\/\/www.haus-delecke.de\/nl\/#\/schema\/logo\/image\/\",\"url\":\"https:\/\/www.haus-delecke.de\/wp-content\/uploads\/2021\/05\/Logo-Haus-Delecke-GOLD-Skaliert.png\",\"contentUrl\":\"https:\/\/www.haus-delecke.de\/wp-content\/uploads\/2021\/05\/Logo-Haus-Delecke-GOLD-Skaliert.png\",\"width\":1920,\"height\":1438,\"caption\":\"Haus Delecke\"},\"image\":{\"@id\":\"https:\/\/www.haus-delecke.de\/nl\/#\/schema\/logo\/image\/\"},\"sameAs\":[\"https:\/\/www.facebook.com\/haus.delecke\/?locale=de_DE\",\"https:\/\/www.instagram.com\/hausdelecke\/?hl=de\"]}]}<\/script>\n<!-- \/ Yoast SEO plugin. -->","yoast_head_json":{"title":"Galerij - Haus Delecke","description":"Onze galerij geeft je een uitgebreide indruk van ons huis op verschillende tijdstippen van het jaar.","robots":{"index":"index","follow":"follow","max-snippet":"max-snippet:-1","max-image-preview":"max-image-preview:large","max-video-preview":"max-video-preview:-1"},"canonical":"https:\/\/www.haus-delecke.de\/nl\/galerij\/","og_locale":"nl_NL","og_type":"article","og_title":"Galerij - Haus Delecke","og_description":"Onze galerij geeft je een uitgebreide indruk van ons huis op verschillende tijdstippen van het jaar.","og_url":"https:\/\/www.haus-delecke.de\/nl\/galerij\/","og_site_name":"Haus Delecke","article_publisher":"https:\/\/www.facebook.com\/haus.delecke\/?locale=de_DE","article_modified_time":"2024-01-28T15:17:57+00:00","og_image":[{"width":1920,"height":1440,"url":"https:\/\/www.haus-delecke.de\/wp-content\/uploads\/2024\/01\/596-min.webp","type":"image\/webp"}],"twitter_card":"summary_large_image","twitter_misc":{"Geschatte leestijd":"1 minuut"},"schema":{"@context":"https:\/\/schema.org","@graph":[{"@type":"WebPage","@id":"https:\/\/www.haus-delecke.de\/nl\/galerij\/","url":"https:\/\/www.haus-delecke.de\/nl\/galerij\/","name":"Galerij - Haus Delecke","isPartOf":{"@id":"https:\/\/www.haus-delecke.de\/nl\/#website"},"primaryImageOfPage":{"@id":"https:\/\/www.haus-delecke.de\/nl\/galerij\/#primaryimage"},"image":{"@id":"https:\/\/www.haus-delecke.de\/nl\/galerij\/#primaryimage"},"thumbnailUrl":"https:\/\/www.haus-delecke.de\/wp-content\/uploads\/2024\/01\/596-min.webp","datePublished":"2024-01-28T15:17:55+00:00","dateModified":"2024-01-28T15:17:57+00:00","description":"Onze galerij geeft je een uitgebreide indruk van ons huis op verschillende tijdstippen van het jaar.","breadcrumb":{"@id":"https:\/\/www.haus-delecke.de\/nl\/galerij\/#breadcrumb"},"inLanguage":"nl-NL","potentialAction":[{"@type":"ReadAction","target":["https:\/\/www.haus-delecke.de\/nl\/galerij\/"]}]},{"@type":"ImageObject","inLanguage":"nl-NL","@id":"https:\/\/www.haus-delecke.de\/nl\/galerij\/#primaryimage","url":"https:\/\/www.haus-delecke.de\/wp-content\/uploads\/2024\/01\/596-min.webp","contentUrl":"https:\/\/www.haus-delecke.de\/wp-content\/uploads\/2024\/01\/596-min.webp","width":1920,"height":1440,"caption":"Haus Delecke von oben"},{"@type":"BreadcrumbList","@id":"https:\/\/www.haus-delecke.de\/nl\/galerij\/#breadcrumb","itemListElement":[{"@type":"ListItem","position":1,"name":"Startseite","item":"https:\/\/www.haus-delecke.de\/nl\/"},{"@type":"ListItem","position":2,"name":"Galerij"}]},{"@type":"WebSite","@id":"https:\/\/www.haus-delecke.de\/nl\/#website","url":"https:\/\/www.haus-delecke.de\/nl\/","name":"Haus Delecke","description":"Hotel | Restaurant | Caf\u00e9","publisher":{"@id":"https:\/\/www.haus-delecke.de\/nl\/#organization"},"potentialAction":[{"@type":"SearchAction","target":{"@type":"EntryPoint","urlTemplate":"https:\/\/www.haus-delecke.de\/nl\/?s={search_term_string}"},"query-input":{"@type":"PropertyValueSpecification","valueRequired":true,"valueName":"search_term_string"}}],"inLanguage":"nl-NL"},{"@type":"Organization","@id":"https:\/\/www.haus-delecke.de\/nl\/#organization","name":"Haus Delecke","url":"https:\/\/www.haus-delecke.de\/nl\/","logo":{"@type":"ImageObject","inLanguage":"nl-NL","@id":"https:\/\/www.haus-delecke.de\/nl\/#\/schema\/logo\/image\/","url":"https:\/\/www.haus-delecke.de\/wp-content\/uploads\/2021\/05\/Logo-Haus-Delecke-GOLD-Skaliert.png","contentUrl":"https:\/\/www.haus-delecke.de\/wp-content\/uploads\/2021\/05\/Logo-Haus-Delecke-GOLD-Skaliert.png","width":1920,"height":1438,"caption":"Haus Delecke"},"image":{"@id":"https:\/\/www.haus-delecke.de\/nl\/#\/schema\/logo\/image\/"},"sameAs":["https:\/\/www.facebook.com\/haus.delecke\/?locale=de_DE","https:\/\/www.instagram.com\/hausdelecke\/?hl=de"]}]}},"_links":{"self":[{"href":"https:\/\/www.haus-delecke.de\/nl\/wp-json\/wp\/v2\/pages\/8200","targetHints":{"allow":["GET"]}}],"collection":[{"href":"https:\/\/www.haus-delecke.de\/nl\/wp-json\/wp\/v2\/pages"}],"about":[{"href":"https:\/\/www.haus-delecke.de\/nl\/wp-json\/wp\/v2\/types\/page"}],"author":[{"embeddable":true,"href":"https:\/\/www.haus-delecke.de\/nl\/wp-json\/wp\/v2\/users\/15"}],"replies":[{"embeddable":true,"href":"https:\/\/www.haus-delecke.de\/nl\/wp-json\/wp\/v2\/comments?post=8200"}],"version-history":[{"count":3,"href":"https:\/\/www.haus-delecke.de\/nl\/wp-json\/wp\/v2\/pages\/8200\/revisions"}],"predecessor-version":[{"id":8503,"href":"https:\/\/www.haus-delecke.de\/nl\/wp-json\/wp\/v2\/pages\/8200\/revisions\/8503"}],"wp:featuredmedia":[{"embeddable":true,"href":"https:\/\/www.haus-delecke.de\/nl\/wp-json\/wp\/v2\/media\/8434"}],"wp:attachment":[{"href":"https:\/\/www.haus-delecke.de\/nl\/wp-json\/wp\/v2\/media?parent=8200"}],"curies":[{"name":"wp","href":"https:\/\/api.w.org\/{rel}","templated":true}]}}