{"id":2080,"date":"2021-08-12T11:11:00","date_gmt":"2021-08-12T09:11:00","guid":{"rendered":"https:\/\/www.haus-delecke.de\/?page_id=2080"},"modified":"2025-08-13T12:56:26","modified_gmt":"2025-08-13T10:56:26","slug":"impressum","status":"publish","type":"page","link":"https:\/\/www.haus-delecke.de\/nl\/impressum\/","title":{"rendered":"Afdruk"},"content":{"rendered":"\t\t<div data-elementor-type=\"wp-page\" data-elementor-id=\"2080\" class=\"elementor elementor-2080 elementor-61\" data-elementor-post-type=\"page\">\n\t\t\t\t\t\t<section class=\"elementor-section elementor-top-section elementor-element elementor-element-7983df1 elementor-section-boxed elementor-section-height-default elementor-section-height-default\" data-id=\"7983df1\" data-element_type=\"section\" data-e-type=\"section\">\n\t\t\t\t\t\t<div class=\"elementor-container elementor-column-gap-default\">\n\t\t\t\t\t<div class=\"elementor-column elementor-col-100 elementor-top-column elementor-element elementor-element-bd8e482\" data-id=\"bd8e482\" data-element_type=\"column\" data-e-type=\"column\">\n\t\t\t<div class=\"elementor-widget-wrap elementor-element-populated\">\n\t\t\t\t\t\t<section class=\"elementor-section elementor-inner-section elementor-element elementor-element-830cc80 elementor-section-boxed elementor-section-height-default elementor-section-height-default\" data-id=\"830cc80\" data-element_type=\"section\" data-e-type=\"section\">\n\t\t\t\t\t\t<div class=\"elementor-container elementor-column-gap-default\">\n\t\t\t\t\t<div class=\"elementor-column elementor-col-50 elementor-inner-column elementor-element elementor-element-8c98a0c\" data-id=\"8c98a0c\" data-element_type=\"column\" data-e-type=\"column\">\n\t\t\t<div class=\"elementor-widget-wrap elementor-element-populated\">\n\t\t\t\t\t\t<div class=\"elementor-element elementor-element-35b729b elementor-widget elementor-widget-heading\" data-id=\"35b729b\" data-element_type=\"widget\" data-e-type=\"widget\" data-widget_type=\"heading.default\">\n\t\t\t\t<div class=\"elementor-widget-container\">\n\t\t\t\t\t<h2 class=\"elementor-heading-title elementor-size-default\">Hotel- und Gastst\u00e4ttenbetriebs GmbH<\/h2>\t\t\t\t<\/div>\n\t\t\t\t<\/div>\n\t\t\t\t<div class=\"elementor-element elementor-element-22110d6 elementor-widget elementor-widget-text-editor\" data-id=\"22110d6\" data-element_type=\"widget\" data-e-type=\"widget\" data-widget_type=\"text-editor.default\">\n\t\t\t\t<div class=\"elementor-widget-container\">\n\t\t\t\t\t\t\t\t\t<p><strong>Hotel Haus Delecke<\/strong><br>Linkstra\u00dfe 10-14<br>59519 M\u00f6hnesee &#8211; Delecke<\/p><p>Telefoon: <a href=\"tel:004929248090\">+49 2924 8090<\/a><br>E-mail: <a href=\"mailto:%20info@haus-delecke.de\">info@haus-delecke.de<\/a><\/p><div><p>HRB 5563 Arnsberg Lokaal Gerechtshof<br>BTW-nummer DE 811 393 497<\/p><\/div><p>Webbeheer:<\/p><p><a href=\"https:\/\/ascensus-marketing.de\/\">Ascensus Marketing<\/a><\/p><div><p><strong>Aansprakelijkheid voor links<br><\/strong>Onze website bevat links naar externe websites van derden op de inhoud waarvan wij geen invloed hebben. Daarom kunnen we geen aansprakelijkheid aanvaarden voor deze inhoud van derden. De respectieve aanbieder of exploitant van de pagina&#8217;s is altijd verantwoordelijk voor de inhoud van de gekoppelde pagina&#8217;s. De gelinkte pagina&#8217;s werden op het moment van koppelen gecontroleerd op mogelijke wetsovertredingen. Illegale inhoud was niet herkenbaar op het moment van koppelen. Een permanente controle van de inhoud van de gelinkte pagina&#8217;s is echter niet redelijk zonder concreet bewijs van een overtreding. Als we ons bewust worden van wettelijke overtredingen, zullen we dergelijke links onmiddellijk verwijderen.  <\/p><p><strong>Copyright<br><\/strong>De door de sitebeheerders op deze pagina&#8217;s gecre\u00eberde inhoud en werken vallen onder het Duitse auteursrecht. Reproductie, bewerking, verspreiding en elke vorm van gebruik buiten de grenzen van het auteursrecht vereisen de schriftelijke toestemming van de respectieve auteur of maker. Downloads en kopie\u00ebn van deze site zijn alleen toegestaan voor priv\u00e9-, niet-commercieel gebruik. Voor zover de inhoud op deze site niet door de exploitant is gemaakt, worden de auteursrechten van derden gerespecteerd. Inhoud van derden wordt als zodanig aangeduid. Mocht u desondanks een schending van het auteursrecht constateren, dan verzoeken wij u ons hiervan op de hoogte te stellen.      Als we ons bewust worden van wettelijke inbreuken, zullen we dergelijke inhoud onmiddellijk verwijderen.811<\/p><\/div>\t\t\t\t\t\t\t\t<\/div>\n\t\t\t\t<\/div>\n\t\t\t\t\t<\/div>\n\t\t<\/div>\n\t\t\t\t<div class=\"elementor-column elementor-col-50 elementor-inner-column elementor-element elementor-element-acf9033\" data-id=\"acf9033\" data-element_type=\"column\" data-e-type=\"column\">\n\t\t\t<div class=\"elementor-widget-wrap elementor-element-populated\">\n\t\t\t\t\t\t<div class=\"elementor-element elementor-element-4dca008 elementor-widget elementor-widget-spacer\" data-id=\"4dca008\" data-element_type=\"widget\" data-e-type=\"widget\" data-widget_type=\"spacer.default\">\n\t\t\t\t<div class=\"elementor-widget-container\">\n\t\t\t\t\t\t\t<div class=\"elementor-spacer\">\n\t\t\t<div class=\"elementor-spacer-inner\"><\/div>\n\t\t<\/div>\n\t\t\t\t\t\t<\/div>\n\t\t\t\t<\/div>\n\t\t\t\t<div class=\"elementor-element elementor-element-1b55a25 elementor-widget elementor-widget-text-editor\" data-id=\"1b55a25\" data-element_type=\"widget\" data-e-type=\"widget\" data-widget_type=\"text-editor.default\">\n\t\t\t\t<div class=\"elementor-widget-container\">\n\t\t\t\t\t\t\t\t\t<p><strong>Bevoegd algemeen directeur:<\/strong><br>Andrea Steyer<br>Linkstra\u00dfe 10-14<br>59519 M\u00f6hnesee &#8211; Delecke<\/p><p><strong>Fotocredits:<br><\/strong>Barbecue buffet: Alexander Raths\/Fotolia.de<br>Aspergebuffet: karepa\/Fotolia.de<\/p><p><strong>Geschillenbeslechting<br><\/strong>De Europese Commissie biedt een platform voor onlinegeschillenbeslechting (OS): https:\/\/ec.europa.eu\/consumers\/odr.<br>U vindt ons e-mailadres hierboven in de juridische kennisgeving.<\/p><p>We zijn niet bereid of verplicht om deel te nemen aan geschillenbeslechtingsprocedures voor een arbitragecommissie voor consumenten.<\/p><p><strong>Aansprakelijkheid voor inhoud<br><\/strong>Als dienstverlener zijn wij verantwoordelijk voor onze eigen inhoud op deze pagina&#8217;s in overeenstemming met de algemene wetgeving volgens \u00a7 7 (1) TMG. Volgens \u00a7\u00a7 8 tot 10 TMG zijn wij als dienstverlener echter niet verplicht om doorgegeven of opgeslagen informatie van derden te controleren of omstandigheden te onderzoeken die duiden op illegale activiteiten.  <\/p><p>Verplichtingen tot verwijdering of blokkering van het gebruik van informatie in overeenstemming met de algemene wetgeving blijven hierdoor onaangetast. Aansprakelijkheid in dit opzicht is echter pas mogelijk vanaf het moment van kennis van een specifieke inbreuk.  Zodra we ons bewust worden van dergelijke inbreuken, zullen we deze inhoud onmiddellijk verwijderen.<\/p>\t\t\t\t\t\t\t\t<\/div>\n\t\t\t\t<\/div>\n\t\t\t\t\t<\/div>\n\t\t<\/div>\n\t\t\t\t\t<\/div>\n\t\t<\/section>\n\t\t\t\t\t<\/div>\n\t\t<\/div>\n\t\t\t\t\t<\/div>\n\t\t<\/section>\n\t\t\t\t<\/div>\n\t\t","protected":false},"excerpt":{"rendered":"<p>Hotel- und Gastst\u00e4ttenbetriebs GmbH Hotel Haus DeleckeLinkstra\u00dfe 10-1459519 M\u00f6hnesee &#8211; Delecke Telefoon: +49 2924 8090E-mail: info@haus-delecke.de HRB 5563 Arnsberg Lokaal GerechtshofBTW-nummer DE 811 393 497 Webbeheer: Ascensus Marketing Aansprakelijkheid voor linksOnze website bevat links naar externe websites van derden op de inhoud waarvan wij geen invloed hebben. Daarom kunnen we geen aansprakelijkheid aanvaarden voor deze [&hellip;]<\/p>\n","protected":false},"author":2,"featured_media":0,"parent":0,"menu_order":0,"comment_status":"closed","ping_status":"closed","template":"","meta":{"footnotes":""},"class_list":["post-2080","page","type-page","status-publish","hentry"],"yoast_head":"<!-- This site is optimized with the Yoast SEO plugin v27.0 - https:\/\/yoast.com\/product\/yoast-seo-wordpress\/ -->\n<title>Afdruk - Haus Delecke<\/title>\n<meta name=\"description\" content=\"Onze opdruk volgens \u00a75 TMG met alle relevante informatie van ons bedrijf; contactgegevens en verantwoordelijke personen.\" \/>\n<meta name=\"robots\" content=\"index, follow, max-snippet:-1, max-image-preview:large, max-video-preview:-1\" \/>\n<link rel=\"canonical\" href=\"https:\/\/www.haus-delecke.de\/nl\/impressum\/\" \/>\n<meta property=\"og:locale\" content=\"nl_NL\" \/>\n<meta property=\"og:type\" content=\"article\" \/>\n<meta property=\"og:title\" content=\"Afdruk - Haus Delecke\" \/>\n<meta property=\"og:description\" content=\"Onze opdruk volgens \u00a75 TMG met alle relevante informatie van ons bedrijf; contactgegevens en verantwoordelijke personen.\" \/>\n<meta property=\"og:url\" content=\"https:\/\/www.haus-delecke.de\/nl\/impressum\/\" \/>\n<meta property=\"og:site_name\" content=\"Haus Delecke\" \/>\n<meta property=\"article:publisher\" content=\"https:\/\/www.facebook.com\/haus.delecke\/?locale=de_DE\" \/>\n<meta property=\"article:modified_time\" content=\"2025-08-13T10:56:26+00:00\" \/>\n<meta name=\"twitter:card\" content=\"summary_large_image\" \/>\n<meta name=\"twitter:label1\" content=\"Geschatte leestijd\" \/>\n\t<meta name=\"twitter:data1\" content=\"2 minuten\" \/>\n<script type=\"application\/ld+json\" class=\"yoast-schema-graph\">{\"@context\":\"https:\/\/schema.org\",\"@graph\":[{\"@type\":\"WebPage\",\"@id\":\"https:\/\/www.haus-delecke.de\/nl\/impressum\/\",\"url\":\"https:\/\/www.haus-delecke.de\/nl\/impressum\/\",\"name\":\"Afdruk - Haus Delecke\",\"isPartOf\":{\"@id\":\"https:\/\/www.haus-delecke.de\/nl\/#website\"},\"datePublished\":\"2021-08-12T09:11:00+00:00\",\"dateModified\":\"2025-08-13T10:56:26+00:00\",\"description\":\"Onze opdruk volgens \u00a75 TMG met alle relevante informatie van ons bedrijf; contactgegevens en verantwoordelijke personen.\",\"breadcrumb\":{\"@id\":\"https:\/\/www.haus-delecke.de\/nl\/impressum\/#breadcrumb\"},\"inLanguage\":\"nl-NL\",\"potentialAction\":[{\"@type\":\"ReadAction\",\"target\":[\"https:\/\/www.haus-delecke.de\/nl\/impressum\/\"]}]},{\"@type\":\"BreadcrumbList\",\"@id\":\"https:\/\/www.haus-delecke.de\/nl\/impressum\/#breadcrumb\",\"itemListElement\":[{\"@type\":\"ListItem\",\"position\":1,\"name\":\"Startseite\",\"item\":\"https:\/\/www.haus-delecke.de\/nl\/\"},{\"@type\":\"ListItem\",\"position\":2,\"name\":\"Afdruk\"}]},{\"@type\":\"WebSite\",\"@id\":\"https:\/\/www.haus-delecke.de\/nl\/#website\",\"url\":\"https:\/\/www.haus-delecke.de\/nl\/\",\"name\":\"Haus Delecke\",\"description\":\"Hotel | Restaurant | Caf\u00e9\",\"publisher\":{\"@id\":\"https:\/\/www.haus-delecke.de\/nl\/#organization\"},\"potentialAction\":[{\"@type\":\"SearchAction\",\"target\":{\"@type\":\"EntryPoint\",\"urlTemplate\":\"https:\/\/www.haus-delecke.de\/nl\/?s={search_term_string}\"},\"query-input\":{\"@type\":\"PropertyValueSpecification\",\"valueRequired\":true,\"valueName\":\"search_term_string\"}}],\"inLanguage\":\"nl-NL\"},{\"@type\":\"Organization\",\"@id\":\"https:\/\/www.haus-delecke.de\/nl\/#organization\",\"name\":\"Haus Delecke\",\"url\":\"https:\/\/www.haus-delecke.de\/nl\/\",\"logo\":{\"@type\":\"ImageObject\",\"inLanguage\":\"nl-NL\",\"@id\":\"https:\/\/www.haus-delecke.de\/nl\/#\/schema\/logo\/image\/\",\"url\":\"https:\/\/www.haus-delecke.de\/wp-content\/uploads\/2021\/05\/Logo-Haus-Delecke-GOLD-Skaliert.png\",\"contentUrl\":\"https:\/\/www.haus-delecke.de\/wp-content\/uploads\/2021\/05\/Logo-Haus-Delecke-GOLD-Skaliert.png\",\"width\":1920,\"height\":1438,\"caption\":\"Haus Delecke\"},\"image\":{\"@id\":\"https:\/\/www.haus-delecke.de\/nl\/#\/schema\/logo\/image\/\"},\"sameAs\":[\"https:\/\/www.facebook.com\/haus.delecke\/?locale=de_DE\",\"https:\/\/www.instagram.com\/hausdelecke\/?hl=de\"]}]}<\/script>\n<!-- \/ Yoast SEO plugin. -->","yoast_head_json":{"title":"Afdruk - Haus Delecke","description":"Onze opdruk volgens \u00a75 TMG met alle relevante informatie van ons bedrijf; contactgegevens en verantwoordelijke personen.","robots":{"index":"index","follow":"follow","max-snippet":"max-snippet:-1","max-image-preview":"max-image-preview:large","max-video-preview":"max-video-preview:-1"},"canonical":"https:\/\/www.haus-delecke.de\/nl\/impressum\/","og_locale":"nl_NL","og_type":"article","og_title":"Afdruk - Haus Delecke","og_description":"Onze opdruk volgens \u00a75 TMG met alle relevante informatie van ons bedrijf; contactgegevens en verantwoordelijke personen.","og_url":"https:\/\/www.haus-delecke.de\/nl\/impressum\/","og_site_name":"Haus Delecke","article_publisher":"https:\/\/www.facebook.com\/haus.delecke\/?locale=de_DE","article_modified_time":"2025-08-13T10:56:26+00:00","twitter_card":"summary_large_image","twitter_misc":{"Geschatte leestijd":"2 minuten"},"schema":{"@context":"https:\/\/schema.org","@graph":[{"@type":"WebPage","@id":"https:\/\/www.haus-delecke.de\/nl\/impressum\/","url":"https:\/\/www.haus-delecke.de\/nl\/impressum\/","name":"Afdruk - Haus Delecke","isPartOf":{"@id":"https:\/\/www.haus-delecke.de\/nl\/#website"},"datePublished":"2021-08-12T09:11:00+00:00","dateModified":"2025-08-13T10:56:26+00:00","description":"Onze opdruk volgens \u00a75 TMG met alle relevante informatie van ons bedrijf; contactgegevens en verantwoordelijke personen.","breadcrumb":{"@id":"https:\/\/www.haus-delecke.de\/nl\/impressum\/#breadcrumb"},"inLanguage":"nl-NL","potentialAction":[{"@type":"ReadAction","target":["https:\/\/www.haus-delecke.de\/nl\/impressum\/"]}]},{"@type":"BreadcrumbList","@id":"https:\/\/www.haus-delecke.de\/nl\/impressum\/#breadcrumb","itemListElement":[{"@type":"ListItem","position":1,"name":"Startseite","item":"https:\/\/www.haus-delecke.de\/nl\/"},{"@type":"ListItem","position":2,"name":"Afdruk"}]},{"@type":"WebSite","@id":"https:\/\/www.haus-delecke.de\/nl\/#website","url":"https:\/\/www.haus-delecke.de\/nl\/","name":"Haus Delecke","description":"Hotel | Restaurant | Caf\u00e9","publisher":{"@id":"https:\/\/www.haus-delecke.de\/nl\/#organization"},"potentialAction":[{"@type":"SearchAction","target":{"@type":"EntryPoint","urlTemplate":"https:\/\/www.haus-delecke.de\/nl\/?s={search_term_string}"},"query-input":{"@type":"PropertyValueSpecification","valueRequired":true,"valueName":"search_term_string"}}],"inLanguage":"nl-NL"},{"@type":"Organization","@id":"https:\/\/www.haus-delecke.de\/nl\/#organization","name":"Haus Delecke","url":"https:\/\/www.haus-delecke.de\/nl\/","logo":{"@type":"ImageObject","inLanguage":"nl-NL","@id":"https:\/\/www.haus-delecke.de\/nl\/#\/schema\/logo\/image\/","url":"https:\/\/www.haus-delecke.de\/wp-content\/uploads\/2021\/05\/Logo-Haus-Delecke-GOLD-Skaliert.png","contentUrl":"https:\/\/www.haus-delecke.de\/wp-content\/uploads\/2021\/05\/Logo-Haus-Delecke-GOLD-Skaliert.png","width":1920,"height":1438,"caption":"Haus Delecke"},"image":{"@id":"https:\/\/www.haus-delecke.de\/nl\/#\/schema\/logo\/image\/"},"sameAs":["https:\/\/www.facebook.com\/haus.delecke\/?locale=de_DE","https:\/\/www.instagram.com\/hausdelecke\/?hl=de"]}]}},"_links":{"self":[{"href":"https:\/\/www.haus-delecke.de\/nl\/wp-json\/wp\/v2\/pages\/2080","targetHints":{"allow":["GET"]}}],"collection":[{"href":"https:\/\/www.haus-delecke.de\/nl\/wp-json\/wp\/v2\/pages"}],"about":[{"href":"https:\/\/www.haus-delecke.de\/nl\/wp-json\/wp\/v2\/types\/page"}],"author":[{"embeddable":true,"href":"https:\/\/www.haus-delecke.de\/nl\/wp-json\/wp\/v2\/users\/2"}],"replies":[{"embeddable":true,"href":"https:\/\/www.haus-delecke.de\/nl\/wp-json\/wp\/v2\/comments?post=2080"}],"version-history":[{"count":5,"href":"https:\/\/www.haus-delecke.de\/nl\/wp-json\/wp\/v2\/pages\/2080\/revisions"}],"predecessor-version":[{"id":12152,"href":"https:\/\/www.haus-delecke.de\/nl\/wp-json\/wp\/v2\/pages\/2080\/revisions\/12152"}],"wp:attachment":[{"href":"https:\/\/www.haus-delecke.de\/nl\/wp-json\/wp\/v2\/media?parent=2080"}],"curies":[{"name":"wp","href":"https:\/\/api.w.org\/{rel}","templated":true}]}}