{"id":13022,"date":"2025-12-11T15:11:29","date_gmt":"2025-12-11T14:11:29","guid":{"rendered":"https:\/\/www.haus-delecke.de\/events\/de-spaghettimoord\/"},"modified":"2025-12-11T16:36:25","modified_gmt":"2025-12-11T15:36:25","slug":"de-spaghettimoord","status":"publish","type":"mec-events","link":"https:\/\/www.haus-delecke.de\/nl\/events\/de-spaghettimoord\/","title":{"rendered":"De spaghettimoord"},"content":{"rendered":"<p>Zestig jaar <strong>\u201cCasaroma\u201d<\/strong>! U viert dit jubileum persoonlijk met de maffiaclan, want ook u bent een maffioso. Het toneel is het restaurant \u201cCucina Fantastica\u201d in Rome. <strong>Luigi<\/strong>, de chef-kok, zorgt met uitstekend eten, drinken en tarantella voor een goede sfeer.  <\/p>\n<p>Alleen <strong>Don Potenti<\/strong>, de machtige peetvader, kan helaas niet meevieren \u2013 hij zit in de gevangenis. Het gerucht gaat dat iemand uit zijn eigen clan hem aan de politie heeft verraden.  <strong>Wie heeft de peetvader van Casaroma bij de carabinieri verraden?<\/strong><\/p>\n<p><strong>Antonio <\/strong>en Belloni, de twee mannen achter Don Potenti, moeten de verrader ontmaskeren. Maar binnen de clan heerst hierover een ijzeren stilzwijgen. Zal de verklikker zichzelf misschien door een fout verraden? <strong>Chita<\/strong>, de levenslustige vrouw van de peetvader, doet er alles aan om een vrolijke en uitgelaten sfeer in de zaal te cre\u00ebren. Maar de spanning stijgt wanneer Don Potenti plotseling belt. Hij wil de familieleden de les lezen, want de zaken zouden beter kunnen lopen. Er moet een nieuwe \u201cwaterdichte\u201d illegale gokpraktijk aan de familieleden worden voorgesteld. Zo zou er enorm veel geld in de kas van de clan komen. De voorpret is enorm. Maar dan wordt iedereen plotseling duidelijk dat het vandaag niet alleen maar gezellig is: <strong>voor ieders ogen vindt er een moord plaats!<\/strong>        <\/p>\n<p><strong>Wat <\/strong>nu? <strong>Wie<\/strong> is de moordenaar? <strong>Waarom<\/strong> heeft hij gemoord? Herinner u belangrijke gebeurtenissen tijdens het feest en verzamel informatie. Wat heeft u gezien? U kunt meedoen aan het raadsel en helpen bij het oplossen ervan, of u kunt gewoon nieuwsgierig toekijken!    <strong>Als maffioso tussen andere maffiosi beleeft u in ieder geval een onbeschrijfelijk grappige en spannende avond!<\/strong><\/p>\n<p>&nbsp;<\/p>\n<h3 class=\"menu-headline fusion-responsive-typography-calculated\" data-fontsize=\"40\" data-lineheight=\"52px\">Menu&#8217;s voor de show<\/h3>\n<p><strong>Vorspeise<\/strong><br \/>\nMinestrone<br \/>\n****<br \/>\n<strong>Vorspeise<\/strong><br \/>\nSpaghetti mit Pesto Genovese dazu Parmesan<br \/>\n****<br \/>\nHoofdgerecht<br \/>\nVarkenskarbonade met groentespaghetti en auberginecr\u00e8me<br \/>\n****<br \/>\n<strong>Dessert<\/strong><br \/>\nSpaghettijs met aardbeiensaus<\/p>\n<p>94,00 \u20ac <span class=\"woocommerce-Price-currencySymbol\">per persoon<\/span><\/p>\n","protected":false},"excerpt":{"rendered":"<p>Zestig jaar \u201cCasaroma\u201d! U viert dit jubileum persoonlijk met de maffiaclan, want ook u bent een maffioso. Het toneel is het restaurant \u201cCucina Fantastica\u201d in Rome. Luigi, de chef-kok, zorgt met uitstekend eten, drinken en tarantella voor een goede sfeer. Alleen Don Potenti, de machtige peetvader, kan helaas niet meevieren \u2013 hij zit in de [&hellip;]<\/p>\n","protected":false},"author":14,"featured_media":13023,"comment_status":"closed","ping_status":"closed","template":"","tags":[],"mec_category":[],"class_list":["post-13022","mec-events","type-mec-events","status-publish","has-post-thumbnail","hentry"],"yoast_head":"<!-- This site is optimized with the Yoast SEO plugin v27.0 - https:\/\/yoast.com\/product\/yoast-seo-wordpress\/ -->\n<title>De spaghettimoord - Haus Delecke<\/title>\n<meta name=\"robots\" content=\"index, follow, max-snippet:-1, max-image-preview:large, max-video-preview:-1\" \/>\n<link rel=\"canonical\" href=\"https:\/\/www.haus-delecke.de\/nl\/events\/de-spaghettimoord\/\" \/>\n<meta property=\"og:locale\" content=\"nl_NL\" \/>\n<meta property=\"og:type\" content=\"article\" \/>\n<meta property=\"og:title\" content=\"De spaghettimoord - Haus Delecke\" \/>\n<meta property=\"og:description\" content=\"Zestig jaar \u201cCasaroma\u201d! U viert dit jubileum persoonlijk met de maffiaclan, want ook u bent een maffioso. Het toneel is het restaurant \u201cCucina Fantastica\u201d in Rome. Luigi, de chef-kok, zorgt met uitstekend eten, drinken en tarantella voor een goede sfeer. Alleen Don Potenti, de machtige peetvader, kan helaas niet meevieren \u2013 hij zit in de [&hellip;]\" \/>\n<meta property=\"og:url\" content=\"https:\/\/www.haus-delecke.de\/nl\/events\/de-spaghettimoord\/\" \/>\n<meta property=\"og:site_name\" content=\"Haus Delecke\" \/>\n<meta property=\"article:publisher\" content=\"https:\/\/www.facebook.com\/haus.delecke\/?locale=de_DE\" \/>\n<meta property=\"article:modified_time\" content=\"2025-12-11T15:36:25+00:00\" \/>\n<meta property=\"og:image\" content=\"https:\/\/www.haus-delecke.de\/wp-content\/uploads\/2025\/12\/Design-ohne-Titel-20.webp\" \/>\n\t<meta property=\"og:image:width\" content=\"1080\" \/>\n\t<meta property=\"og:image:height\" content=\"1080\" \/>\n\t<meta property=\"og:image:type\" content=\"image\/webp\" \/>\n<meta name=\"twitter:card\" content=\"summary_large_image\" \/>\n<meta name=\"twitter:label1\" content=\"Geschatte leestijd\" \/>\n\t<meta name=\"twitter:data1\" content=\"1 minuut\" \/>\n<script type=\"application\/ld+json\" class=\"yoast-schema-graph\">{\"@context\":\"https:\/\/schema.org\",\"@graph\":[{\"@type\":\"WebPage\",\"@id\":\"https:\/\/www.haus-delecke.de\/nl\/events\/de-spaghettimoord\/\",\"url\":\"https:\/\/www.haus-delecke.de\/nl\/events\/de-spaghettimoord\/\",\"name\":\"De spaghettimoord - Haus Delecke\",\"isPartOf\":{\"@id\":\"https:\/\/www.haus-delecke.de\/nl\/#website\"},\"primaryImageOfPage\":{\"@id\":\"https:\/\/www.haus-delecke.de\/nl\/events\/de-spaghettimoord\/#primaryimage\"},\"image\":{\"@id\":\"https:\/\/www.haus-delecke.de\/nl\/events\/de-spaghettimoord\/#primaryimage\"},\"thumbnailUrl\":\"https:\/\/www.haus-delecke.de\/wp-content\/uploads\/2025\/12\/Design-ohne-Titel-20.webp\",\"datePublished\":\"2025-12-11T14:11:29+00:00\",\"dateModified\":\"2025-12-11T15:36:25+00:00\",\"breadcrumb\":{\"@id\":\"https:\/\/www.haus-delecke.de\/nl\/events\/de-spaghettimoord\/#breadcrumb\"},\"inLanguage\":\"nl-NL\",\"potentialAction\":[{\"@type\":\"ReadAction\",\"target\":[\"https:\/\/www.haus-delecke.de\/nl\/events\/de-spaghettimoord\/\"]}]},{\"@type\":\"ImageObject\",\"inLanguage\":\"nl-NL\",\"@id\":\"https:\/\/www.haus-delecke.de\/nl\/events\/de-spaghettimoord\/#primaryimage\",\"url\":\"https:\/\/www.haus-delecke.de\/wp-content\/uploads\/2025\/12\/Design-ohne-Titel-20.webp\",\"contentUrl\":\"https:\/\/www.haus-delecke.de\/wp-content\/uploads\/2025\/12\/Design-ohne-Titel-20.webp\",\"width\":1080,\"height\":1080,\"caption\":\"Ein Mann mit ernstem Gesichtsausdruck und streng zur\u00fcckgek\u00e4mmtem Haar h\u00e4lt einen Zigarillo im Mund und schaut direkt in die Kamera. Er tr\u00e4gt einen eleganten Anzug und steht hinter Gef\u00e4ngnisgittern. Der Hintergrund ist neutral gehalten und erzeugt eine dramatische Atmosph\u00e4re. In der unteren rechten Ecke des Bildes befindet sich das Logo von \\\"Tatort\"},{\"@type\":\"BreadcrumbList\",\"@id\":\"https:\/\/www.haus-delecke.de\/nl\/events\/de-spaghettimoord\/#breadcrumb\",\"itemListElement\":[{\"@type\":\"ListItem\",\"position\":1,\"name\":\"Startseite\",\"item\":\"https:\/\/www.haus-delecke.de\/nl\/\"},{\"@type\":\"ListItem\",\"position\":2,\"name\":\"De spaghettimoord\"}]},{\"@type\":\"WebSite\",\"@id\":\"https:\/\/www.haus-delecke.de\/nl\/#website\",\"url\":\"https:\/\/www.haus-delecke.de\/nl\/\",\"name\":\"Haus Delecke\",\"description\":\"Hotel | Restaurant | Caf\u00e9\",\"publisher\":{\"@id\":\"https:\/\/www.haus-delecke.de\/nl\/#organization\"},\"potentialAction\":[{\"@type\":\"SearchAction\",\"target\":{\"@type\":\"EntryPoint\",\"urlTemplate\":\"https:\/\/www.haus-delecke.de\/nl\/?s={search_term_string}\"},\"query-input\":{\"@type\":\"PropertyValueSpecification\",\"valueRequired\":true,\"valueName\":\"search_term_string\"}}],\"inLanguage\":\"nl-NL\"},{\"@type\":\"Organization\",\"@id\":\"https:\/\/www.haus-delecke.de\/nl\/#organization\",\"name\":\"Haus Delecke\",\"url\":\"https:\/\/www.haus-delecke.de\/nl\/\",\"logo\":{\"@type\":\"ImageObject\",\"inLanguage\":\"nl-NL\",\"@id\":\"https:\/\/www.haus-delecke.de\/nl\/#\/schema\/logo\/image\/\",\"url\":\"https:\/\/www.haus-delecke.de\/wp-content\/uploads\/2021\/05\/Logo-Haus-Delecke-GOLD-Skaliert.png\",\"contentUrl\":\"https:\/\/www.haus-delecke.de\/wp-content\/uploads\/2021\/05\/Logo-Haus-Delecke-GOLD-Skaliert.png\",\"width\":1920,\"height\":1438,\"caption\":\"Haus Delecke\"},\"image\":{\"@id\":\"https:\/\/www.haus-delecke.de\/nl\/#\/schema\/logo\/image\/\"},\"sameAs\":[\"https:\/\/www.facebook.com\/haus.delecke\/?locale=de_DE\",\"https:\/\/www.instagram.com\/hausdelecke\/?hl=de\"]}]}<\/script>\n<!-- \/ Yoast SEO plugin. -->","yoast_head_json":{"title":"De spaghettimoord - Haus Delecke","robots":{"index":"index","follow":"follow","max-snippet":"max-snippet:-1","max-image-preview":"max-image-preview:large","max-video-preview":"max-video-preview:-1"},"canonical":"https:\/\/www.haus-delecke.de\/nl\/events\/de-spaghettimoord\/","og_locale":"nl_NL","og_type":"article","og_title":"De spaghettimoord - Haus Delecke","og_description":"Zestig jaar \u201cCasaroma\u201d! U viert dit jubileum persoonlijk met de maffiaclan, want ook u bent een maffioso. Het toneel is het restaurant \u201cCucina Fantastica\u201d in Rome. Luigi, de chef-kok, zorgt met uitstekend eten, drinken en tarantella voor een goede sfeer. Alleen Don Potenti, de machtige peetvader, kan helaas niet meevieren \u2013 hij zit in de [&hellip;]","og_url":"https:\/\/www.haus-delecke.de\/nl\/events\/de-spaghettimoord\/","og_site_name":"Haus Delecke","article_publisher":"https:\/\/www.facebook.com\/haus.delecke\/?locale=de_DE","article_modified_time":"2025-12-11T15:36:25+00:00","og_image":[{"width":1080,"height":1080,"url":"https:\/\/www.haus-delecke.de\/wp-content\/uploads\/2025\/12\/Design-ohne-Titel-20.webp","type":"image\/webp"}],"twitter_card":"summary_large_image","twitter_misc":{"Geschatte leestijd":"1 minuut"},"schema":{"@context":"https:\/\/schema.org","@graph":[{"@type":"WebPage","@id":"https:\/\/www.haus-delecke.de\/nl\/events\/de-spaghettimoord\/","url":"https:\/\/www.haus-delecke.de\/nl\/events\/de-spaghettimoord\/","name":"De spaghettimoord - Haus Delecke","isPartOf":{"@id":"https:\/\/www.haus-delecke.de\/nl\/#website"},"primaryImageOfPage":{"@id":"https:\/\/www.haus-delecke.de\/nl\/events\/de-spaghettimoord\/#primaryimage"},"image":{"@id":"https:\/\/www.haus-delecke.de\/nl\/events\/de-spaghettimoord\/#primaryimage"},"thumbnailUrl":"https:\/\/www.haus-delecke.de\/wp-content\/uploads\/2025\/12\/Design-ohne-Titel-20.webp","datePublished":"2025-12-11T14:11:29+00:00","dateModified":"2025-12-11T15:36:25+00:00","breadcrumb":{"@id":"https:\/\/www.haus-delecke.de\/nl\/events\/de-spaghettimoord\/#breadcrumb"},"inLanguage":"nl-NL","potentialAction":[{"@type":"ReadAction","target":["https:\/\/www.haus-delecke.de\/nl\/events\/de-spaghettimoord\/"]}]},{"@type":"ImageObject","inLanguage":"nl-NL","@id":"https:\/\/www.haus-delecke.de\/nl\/events\/de-spaghettimoord\/#primaryimage","url":"https:\/\/www.haus-delecke.de\/wp-content\/uploads\/2025\/12\/Design-ohne-Titel-20.webp","contentUrl":"https:\/\/www.haus-delecke.de\/wp-content\/uploads\/2025\/12\/Design-ohne-Titel-20.webp","width":1080,"height":1080,"caption":"Ein Mann mit ernstem Gesichtsausdruck und streng zur\u00fcckgek\u00e4mmtem Haar h\u00e4lt einen Zigarillo im Mund und schaut direkt in die Kamera. Er tr\u00e4gt einen eleganten Anzug und steht hinter Gef\u00e4ngnisgittern. Der Hintergrund ist neutral gehalten und erzeugt eine dramatische Atmosph\u00e4re. In der unteren rechten Ecke des Bildes befindet sich das Logo von \"Tatort"},{"@type":"BreadcrumbList","@id":"https:\/\/www.haus-delecke.de\/nl\/events\/de-spaghettimoord\/#breadcrumb","itemListElement":[{"@type":"ListItem","position":1,"name":"Startseite","item":"https:\/\/www.haus-delecke.de\/nl\/"},{"@type":"ListItem","position":2,"name":"De spaghettimoord"}]},{"@type":"WebSite","@id":"https:\/\/www.haus-delecke.de\/nl\/#website","url":"https:\/\/www.haus-delecke.de\/nl\/","name":"Haus Delecke","description":"Hotel | Restaurant | Caf\u00e9","publisher":{"@id":"https:\/\/www.haus-delecke.de\/nl\/#organization"},"potentialAction":[{"@type":"SearchAction","target":{"@type":"EntryPoint","urlTemplate":"https:\/\/www.haus-delecke.de\/nl\/?s={search_term_string}"},"query-input":{"@type":"PropertyValueSpecification","valueRequired":true,"valueName":"search_term_string"}}],"inLanguage":"nl-NL"},{"@type":"Organization","@id":"https:\/\/www.haus-delecke.de\/nl\/#organization","name":"Haus Delecke","url":"https:\/\/www.haus-delecke.de\/nl\/","logo":{"@type":"ImageObject","inLanguage":"nl-NL","@id":"https:\/\/www.haus-delecke.de\/nl\/#\/schema\/logo\/image\/","url":"https:\/\/www.haus-delecke.de\/wp-content\/uploads\/2021\/05\/Logo-Haus-Delecke-GOLD-Skaliert.png","contentUrl":"https:\/\/www.haus-delecke.de\/wp-content\/uploads\/2021\/05\/Logo-Haus-Delecke-GOLD-Skaliert.png","width":1920,"height":1438,"caption":"Haus Delecke"},"image":{"@id":"https:\/\/www.haus-delecke.de\/nl\/#\/schema\/logo\/image\/"},"sameAs":["https:\/\/www.facebook.com\/haus.delecke\/?locale=de_DE","https:\/\/www.instagram.com\/hausdelecke\/?hl=de"]}]}},"_links":{"self":[{"href":"https:\/\/www.haus-delecke.de\/nl\/wp-json\/wp\/v2\/mec-events\/13022","targetHints":{"allow":["GET"]}}],"collection":[{"href":"https:\/\/www.haus-delecke.de\/nl\/wp-json\/wp\/v2\/mec-events"}],"about":[{"href":"https:\/\/www.haus-delecke.de\/nl\/wp-json\/wp\/v2\/types\/mec-events"}],"author":[{"embeddable":true,"href":"https:\/\/www.haus-delecke.de\/nl\/wp-json\/wp\/v2\/users\/14"}],"replies":[{"embeddable":true,"href":"https:\/\/www.haus-delecke.de\/nl\/wp-json\/wp\/v2\/comments?post=13022"}],"wp:featuredmedia":[{"embeddable":true,"href":"https:\/\/www.haus-delecke.de\/nl\/wp-json\/wp\/v2\/media\/13023"}],"wp:attachment":[{"href":"https:\/\/www.haus-delecke.de\/nl\/wp-json\/wp\/v2\/media?parent=13022"}],"wp:term":[{"taxonomy":"post_tag","embeddable":true,"href":"https:\/\/www.haus-delecke.de\/nl\/wp-json\/wp\/v2\/tags?post=13022"},{"taxonomy":"mec_category","embeddable":true,"href":"https:\/\/www.haus-delecke.de\/nl\/wp-json\/wp\/v2\/mec_category?post=13022"}],"curies":[{"name":"wp","href":"https:\/\/api.w.org\/{rel}","templated":true}]}}